{"id":4409,"date":"2025-05-03T05:49:15","date_gmt":"2025-05-03T05:49:15","guid":{"rendered":"https:\/\/mission.weiterdev.ch\/priere\/"},"modified":"2026-01-29T09:05:38","modified_gmt":"2026-01-29T09:05:38","slug":"priere","status":"publish","type":"page","link":"https:\/\/mission.weiterdev.ch\/fr\/priere\/","title":{"rendered":"Pri\u00e8re"},"content":{"rendered":"\t\t<div data-elementor-type=\"wp-page\" data-elementor-id=\"4409\" class=\"elementor elementor-4409 elementor-539\" data-elementor-post-type=\"page\">\n\t\t\t\t<div class=\"elementor-element elementor-element-370a7f7 e-con-full e-flex e-con e-parent\" data-id=\"370a7f7\" data-element_type=\"container\" data-e-type=\"container\" data-settings=\"{&quot;background_background&quot;:&quot;classic&quot;,&quot;jet_parallax_layout_list&quot;:[]}\">\n\t\t<div class=\"elementor-element elementor-element-bd53357 e-con-full e-flex e-con e-child\" data-id=\"bd53357\" data-element_type=\"container\" data-e-type=\"container\" data-settings=\"{&quot;jet_parallax_layout_list&quot;:[]}\">\n\t\t\t\t<\/div>\n\t\t\t\t<div class=\"elementor-element elementor-element-da8931b elementor-align-left elementor-mobile-align-center elementor-tablet-align-center elementor-absolute elementor-widget elementor-widget-button\" data-id=\"da8931b\" data-element_type=\"widget\" data-e-type=\"widget\" data-settings=\"{&quot;_position&quot;:&quot;absolute&quot;}\" data-widget_type=\"button.default\">\n\t\t\t\t<div class=\"elementor-widget-container\">\n\t\t\t\t\t\t\t\t\t<div class=\"elementor-button-wrapper\">\n\t\t\t\t\t<a class=\"elementor-button elementor-button-link elementor-size-sm\" href=\"#\">\n\t\t\t\t\t\t<span class=\"elementor-button-content-wrapper\">\n\t\t\t\t\t\t\t\t\t<span class=\"elementor-button-text\">Rechercher<\/span>\n\t\t\t\t\t<\/span>\n\t\t\t\t\t<\/a>\n\t\t\t\t<\/div>\n\t\t\t\t\t\t\t\t<\/div>\n\t\t\t\t<\/div>\n\t\t\t\t<\/div>\n\t\t<div class=\"elementor-element elementor-element-11f40f7 e-flex e-con-boxed e-con e-parent\" data-id=\"11f40f7\" data-element_type=\"container\" data-e-type=\"container\" data-settings=\"{&quot;jet_parallax_layout_list&quot;:[]}\">\n\t\t\t\t\t<div class=\"e-con-inner\">\n\t\t<div class=\"elementor-element elementor-element-99a37e9 e-con-full e-flex e-con e-child\" data-id=\"99a37e9\" data-element_type=\"container\" data-e-type=\"container\" data-settings=\"{&quot;jet_parallax_layout_list&quot;:[]}\">\n\t\t<div class=\"elementor-element elementor-element-245b2af e-con-full e-flex e-con e-child\" data-id=\"245b2af\" data-element_type=\"container\" data-e-type=\"container\" data-settings=\"{&quot;jet_parallax_layout_list&quot;:[]}\">\n\t\t\t\t<div class=\"elementor-element elementor-element-491ee9e sub-title elementor-widget elementor-widget-heading\" data-id=\"491ee9e\" data-element_type=\"widget\" data-e-type=\"widget\" data-widget_type=\"heading.default\">\n\t\t\t\t<div class=\"elementor-widget-container\">\n\t\t\t\t\t<h2 class=\"elementor-heading-title elementor-size-default\">pri\u00e8re<\/h2>\t\t\t\t<\/div>\n\t\t\t\t<\/div>\n\t\t\t\t<div class=\"elementor-element elementor-element-9bd85de elementor-widget__width-initial elementor-widget elementor-widget-text-editor\" data-id=\"9bd85de\" data-element_type=\"widget\" data-e-type=\"widget\" data-widget_type=\"text-editor.default\">\n\t\t\t\t<div class=\"elementor-widget-container\">\n\t\t\t\t\t\t\t\t\t<p>Nous croyons que Dieu r\u00e9pond \u00e0 nos pri\u00e8res. Ensemble, nous voulons nous engager dans la pri\u00e8re pour le monde.<\/p>\t\t\t\t\t\t\t\t<\/div>\n\t\t\t\t<\/div>\n\t\t\t\t<\/div>\n\t\t\t\t<\/div>\n\t\t\t\t\t<\/div>\n\t\t\t\t<\/div>\n\t\t<div class=\"elementor-element elementor-element-a1c90b3 e-flex e-con-boxed e-con e-parent\" data-id=\"a1c90b3\" data-element_type=\"container\" data-e-type=\"container\" id=\"gebetf\u00fcrdiewelt\" data-settings=\"{&quot;background_background&quot;:&quot;classic&quot;,&quot;jet_parallax_layout_list&quot;:[]}\">\n\t\t\t\t\t<div class=\"e-con-inner\">\n\t\t<div class=\"elementor-element elementor-element-4768e34 e-grid e-con-full e-con e-child\" data-id=\"4768e34\" data-element_type=\"container\" data-e-type=\"container\" data-settings=\"{&quot;jet_parallax_layout_list&quot;:[]}\">\n\t\t<div class=\"elementor-element elementor-element-4e90d75 e-con-full e-flex e-con e-child\" data-id=\"4e90d75\" data-element_type=\"container\" data-e-type=\"container\" data-settings=\"{&quot;background_background&quot;:&quot;classic&quot;,&quot;jet_parallax_layout_list&quot;:[]}\">\n\t\t\t\t<div class=\"elementor-element elementor-element-16c0363 elementor-widget elementor-widget-heading\" data-id=\"16c0363\" data-element_type=\"widget\" data-e-type=\"widget\" data-widget_type=\"heading.default\">\n\t\t\t\t<div class=\"elementor-widget-container\">\n\t\t\t\t\t<h2 class=\"elementor-heading-title elementor-size-default\">Pri\u00e8re pour le monde<\/h2>\t\t\t\t<\/div>\n\t\t\t\t<\/div>\n\t\t\t\t<div class=\"elementor-element elementor-element-b50f51d elementor-widget elementor-widget-text-editor\" data-id=\"b50f51d\" data-element_type=\"widget\" data-e-type=\"widget\" data-widget_type=\"text-editor.default\">\n\t\t\t\t<div class=\"elementor-widget-container\">\n\t\t\t\t\t\t\t\t\t<p>Que fait Dieu parmi les nations aujourd&rsquo;hui ? Quels sont les d\u00e9fis et les opportunit\u00e9s auxquels nous sommes confront\u00e9s dans le cadre de la mission globale ? Comment pouvons-nous prier pour le monde de mani\u00e8re inform\u00e9e ? Lancez un mouvement missionnaire cette ann\u00e9e avec Praying for the World, un guide de pri\u00e8re hebdomadaire gratuit qui inspire et informe toute l&rsquo;\u00e9glise pour prier pour le monde entier.<\/p>\t\t\t\t\t\t\t\t<\/div>\n\t\t\t\t<\/div>\n\t\t\t\t<div class=\"elementor-element elementor-element-f8877b2 elementor-align-center elementor-widget elementor-widget-button\" data-id=\"f8877b2\" data-element_type=\"widget\" data-e-type=\"widget\" data-widget_type=\"button.default\">\n\t\t\t\t<div class=\"elementor-widget-container\">\n\t\t\t\t\t\t\t\t\t<div class=\"elementor-button-wrapper\">\n\t\t\t\t\t<a class=\"elementor-button elementor-button-link elementor-size-sm\" href=\"https:\/\/lausanne.org\/pray\" target=\"_blank\">\n\t\t\t\t\t\t<span class=\"elementor-button-content-wrapper\">\n\t\t\t\t\t\t\t\t\t<span class=\"elementor-button-text\">En savoir plus<\/span>\n\t\t\t\t\t<\/span>\n\t\t\t\t\t<\/a>\n\t\t\t\t<\/div>\n\t\t\t\t\t\t\t\t<\/div>\n\t\t\t\t<\/div>\n\t\t\t\t<\/div>\n\t\t<div class=\"elementor-element elementor-element-42c1cdc e-con-full e-flex e-con e-child\" data-id=\"42c1cdc\" data-element_type=\"container\" data-e-type=\"container\" data-settings=\"{&quot;jet_parallax_layout_list&quot;:[]}\">\n\t\t\t\t<div class=\"elementor-element elementor-element-8ace42f elementor-widget elementor-widget-image\" data-id=\"8ace42f\" data-element_type=\"widget\" data-e-type=\"widget\" data-widget_type=\"image.default\">\n\t\t\t\t<div class=\"elementor-widget-container\">\n\t\t\t\t\t\t\t\t\t\t\t\t\t\t\t<img loading=\"lazy\" decoding=\"async\" width=\"1600\" height=\"1200\" src=\"https:\/\/mission.weiterdev.ch\/wp-content\/uploads\/2025\/12\/mission_world.jpg\" class=\"attachment-full size-full wp-image-4803\" alt=\"\" srcset=\"https:\/\/mission.weiterdev.ch\/wp-content\/uploads\/2025\/12\/mission_world.jpg 1600w, https:\/\/mission.weiterdev.ch\/wp-content\/uploads\/2025\/12\/mission_world-300x225.jpg 300w, https:\/\/mission.weiterdev.ch\/wp-content\/uploads\/2025\/12\/mission_world-1024x768.jpg 1024w, https:\/\/mission.weiterdev.ch\/wp-content\/uploads\/2025\/12\/mission_world-768x576.jpg 768w, https:\/\/mission.weiterdev.ch\/wp-content\/uploads\/2025\/12\/mission_world-1536x1152.jpg 1536w\" sizes=\"auto, (max-width: 1600px) 100vw, 1600px\" \/>\t\t\t\t\t\t\t\t\t\t\t\t\t\t\t<\/div>\n\t\t\t\t<\/div>\n\t\t\t\t<\/div>\n\t\t\t\t<\/div>\n\t\t\t\t\t<\/div>\n\t\t\t\t<\/div>\n\t\t<div class=\"elementor-element elementor-element-187a95c e-con-full e-flex e-con e-parent\" data-id=\"187a95c\" data-element_type=\"container\" data-e-type=\"container\" id=\"Gebetf\u00fcrdieweltdesHinduismus\" data-settings=\"{&quot;background_background&quot;:&quot;classic&quot;,&quot;jet_parallax_layout_list&quot;:[]}\">\n\t\t<div class=\"elementor-element elementor-element-6e3a9f2 e-grid e-con-full e-con e-child\" data-id=\"6e3a9f2\" data-element_type=\"container\" data-e-type=\"container\" data-settings=\"{&quot;jet_parallax_layout_list&quot;:[]}\">\n\t\t<div class=\"elementor-element elementor-element-18aebf6 e-con-full e-flex e-con e-child\" data-id=\"18aebf6\" data-element_type=\"container\" data-e-type=\"container\" data-settings=\"{&quot;background_background&quot;:&quot;classic&quot;,&quot;jet_parallax_layout_list&quot;:[]}\">\n\t\t\t\t<div class=\"elementor-element elementor-element-1beadfb elementor-widget elementor-widget-heading\" data-id=\"1beadfb\" data-element_type=\"widget\" data-e-type=\"widget\" data-widget_type=\"heading.default\">\n\t\t\t\t<div class=\"elementor-widget-container\">\n\t\t\t\t\t<h2 class=\"elementor-heading-title elementor-size-default\">Pri\u00e8re pour le monde de l'hindouisme<\/h2>\t\t\t\t<\/div>\n\t\t\t\t<\/div>\n\t\t\t\t<div class=\"elementor-element elementor-element-ff341c3 elementor-widget elementor-widget-text-editor\" data-id=\"ff341c3\" data-element_type=\"widget\" data-e-type=\"widget\" data-widget_type=\"text-editor.default\">\n\t\t\t\t<div class=\"elementor-widget-container\">\n\t\t\t\t\t\t\t\t\t<p class=\"p1\">Diwali, la f\u00eate la plus importante pour plus d&rsquo;un milliard d&rsquo;hindous et environ 40&rsquo;000 en Suisse, renforce la communaut\u00e9 et est c\u00e9l\u00e9br\u00e9e par des cadeaux. Peut-\u00eatre pourriez-vous, vous aussi, faire plaisir \u00e0 quelqu&rsquo;un de votre voisinage. En m\u00eame temps, les hindous ont besoin de nos pri\u00e8res - tout comme les minorit\u00e9s chr\u00e9tiennes qui vivent souvent leur foi sous pression. De nombreuses missions de l&rsquo;AEM op\u00e8rent dans des r\u00e9gions hindoues. Nous prions pour que les hindous reconnaissent J\u00e9sus-Christ, la lumi\u00e8re du monde, et trouvent sa paix. Le livret de pri\u00e8re annuel encourage l&rsquo;intercession. La p\u00e9riode de pri\u00e8re commence le dimanche pr\u00e9c\u00e9dant Diwali et se termine 15 jours plus tard.      <\/p><p><strong>Trouver le livret de pri\u00e8re sur Internet ou le commander sous forme de livret :<\/strong><\/p><p>Le guide annuel \u00ab\u00a015 jours de pri\u00e8re pour le monde hindou\u00a0\u00bb peut \u00eatre command\u00e9 ou t\u00e9l\u00e9charg\u00e9 chaque ann\u00e9e en octobre sur le site de l&rsquo;Alliance \u00e9vang\u00e9lique suisse.  <a id=\"menur5ab\" class=\"fui-Link ___1q1shib f2hkw1w f3rmtva f1ewtqcl fyind8e f1k6fduh f1w7gpdv fk6fouc fjoy568 figsok6 f1s184ao f1mk8lai fnbmjn9 f1o700av f13mvf36 f1cmlufx f9n3di6 f1ids18y f1tx3yz7 f1deo86v f1eh06m1 f1iescvh fhgqx19 f1olyrje f1p93eir f1nev41a f1h8hb77 f1lqvz6u f10aw75t fsle3fq f17ae5zn\" title=\"https:\/\/www.each.ch\/unser-engagement\/gebetsanlaesse\/15-tage-gebet-fuer-die-welt-des-hinduismus\/\" href=\"https:\/\/www.each.ch\/unser-engagement\/gebetsanlaesse\/15-tage-gebet-fuer-die-welt-des-hinduismus\/\" target=\"_blank\" rel=\"noreferrer noopener\" aria-label=\"Link each.ch\">www.each.ch<\/a><\/p><p><strong>Pour les amis r\u00e9sidant en Allemagne ou en Autriche<\/strong>:<\/p><ul><li><a id=\"menur5ad\" class=\"fui-Link ___1q1shib f2hkw1w f3rmtva f1ewtqcl fyind8e f1k6fduh f1w7gpdv fk6fouc fjoy568 figsok6 f1s184ao f1mk8lai fnbmjn9 f1o700av f13mvf36 f1cmlufx f9n3di6 f1ids18y f1tx3yz7 f1deo86v f1eh06m1 f1iescvh fhgqx19 f1olyrje f1p93eir f1nev41a f1h8hb77 f1lqvz6u f10aw75t fsle3fq f17ae5zn\" title=\"mailto:info@dmgint.de\" href=\"mailto:info@DMGint.de\" target=\"_blank\" rel=\"noreferrer noopener\" aria-label=\"Link info@DMGint.de\">info@DMGint.de<\/a> (Allemagne)<\/li><li><a id=\"menur5af\" class=\"fui-Link ___1q1shib f2hkw1w f3rmtva f1ewtqcl fyind8e f1k6fduh f1w7gpdv fk6fouc fjoy568 figsok6 f1s184ao f1mk8lai fnbmjn9 f1o700av f13mvf36 f1cmlufx f9n3di6 f1ids18y f1tx3yz7 f1deo86v f1eh06m1 f1iescvh fhgqx19 f1olyrje f1p93eir f1nev41a f1h8hb77 f1lqvz6u f10aw75t fsle3fq f17ae5zn\" title=\"mailto:office@aem.at\" href=\"mailto:office@aem.at\" target=\"_blank\" rel=\"noreferrer noopener\" aria-label=\"Link office@aem.at\">office@aem.at<\/a> (Autriche)<\/li><\/ul><div> <\/div><p><strong>Informations compl\u00e9mentaires sur la pri\u00e8re<\/strong>:<\/p><ul><li><strong>Vid\u00e9os de pri\u00e8re : <\/strong><a id=\"menur5ah\" class=\"fui-Link ___1q1shib f2hkw1w f3rmtva f1ewtqcl fyind8e f1k6fduh f1w7gpdv fk6fouc fjoy568 figsok6 f1s184ao f1mk8lai fnbmjn9 f1o700av f13mvf36 f1cmlufx f9n3di6 f1ids18y f1tx3yz7 f1deo86v f1eh06m1 f1iescvh fhgqx19 f1olyrje f1p93eir f1nev41a f1h8hb77 f1lqvz6u f10aw75t fsle3fq f17ae5zn\" title=\"https:\/\/joshuaproject.net\/pray\/videos\" href=\"https:\/\/joshuaproject.net\/pray\/videos\" target=\"_blank\" rel=\"noreferrer noopener\" aria-label=\"Link https:\/\/joshuaproject.net\/pray\/videos\">https:\/\/www.joshuaproject.net\/pray\/videos<\/a><\/li><li><strong>Peuples hindous :<\/strong> \u00ab\u00a0Cat\u00e9gorie:Peuples_hindous \u00a0\u00bb <a id=\"menur5aj\" class=\"fui-Link ___1q1shib f2hkw1w f3rmtva f1ewtqcl fyind8e f1k6fduh f1w7gpdv fk6fouc fjoy568 figsok6 f1s184ao f1mk8lai fnbmjn9 f1o700av f13mvf36 f1cmlufx f9n3di6 f1ids18y f1tx3yz7 f1deo86v f1eh06m1 f1iescvh fhgqx19 f1olyrje f1p93eir f1nev41a f1h8hb77 f1lqvz6u f10aw75t fsle3fq f17ae5zn\" title=\"https:\/\/de.etnopedia.org\/\" href=\"https:\/\/de.etnopedia.org\/\" target=\"_blank\" rel=\"noreferrer noopener\" aria-label=\"Link https:\/\/de.etnopedia.org\/\">https:\/\/de.etnopedia.org\/<\/a><\/li><\/ul>\t\t\t\t\t\t\t\t<\/div>\n\t\t\t\t<\/div>\n\t\t\t\t<\/div>\n\t\t<div class=\"elementor-element elementor-element-cab5540 e-con-full e-flex e-con e-child\" data-id=\"cab5540\" data-element_type=\"container\" data-e-type=\"container\" data-settings=\"{&quot;jet_parallax_layout_list&quot;:[]}\">\n\t\t\t\t<div class=\"elementor-element elementor-element-ac09eb2 elementor-widget elementor-widget-image\" data-id=\"ac09eb2\" data-element_type=\"widget\" data-e-type=\"widget\" data-widget_type=\"image.default\">\n\t\t\t\t<div class=\"elementor-widget-container\">\n\t\t\t\t\t\t\t\t\t\t\t\t\t\t\t<img loading=\"lazy\" decoding=\"async\" width=\"1600\" height=\"1200\" src=\"https:\/\/mission.weiterdev.ch\/wp-content\/uploads\/2025\/12\/Gebet-fuer-die-Welt-des-Hinduismus.jpg\" class=\"attachment-full size-full wp-image-6310\" alt=\"\" srcset=\"https:\/\/mission.weiterdev.ch\/wp-content\/uploads\/2025\/12\/Gebet-fuer-die-Welt-des-Hinduismus.jpg 1600w, https:\/\/mission.weiterdev.ch\/wp-content\/uploads\/2025\/12\/Gebet-fuer-die-Welt-des-Hinduismus-300x225.jpg 300w, https:\/\/mission.weiterdev.ch\/wp-content\/uploads\/2025\/12\/Gebet-fuer-die-Welt-des-Hinduismus-1024x768.jpg 1024w, https:\/\/mission.weiterdev.ch\/wp-content\/uploads\/2025\/12\/Gebet-fuer-die-Welt-des-Hinduismus-768x576.jpg 768w, https:\/\/mission.weiterdev.ch\/wp-content\/uploads\/2025\/12\/Gebet-fuer-die-Welt-des-Hinduismus-1536x1152.jpg 1536w\" sizes=\"auto, (max-width: 1600px) 100vw, 1600px\" \/>\t\t\t\t\t\t\t\t\t\t\t\t\t\t\t<\/div>\n\t\t\t\t<\/div>\n\t\t\t\t<\/div>\n\t\t\t\t<\/div>\n\t\t\t\t<\/div>\n\t\t<div class=\"elementor-element elementor-element-3f815be e-flex e-con-boxed e-con e-parent\" data-id=\"3f815be\" data-element_type=\"container\" data-e-type=\"container\" id=\"Gebetf\u00fcrdieweltdesBuddhismus\" data-settings=\"{&quot;background_background&quot;:&quot;classic&quot;,&quot;jet_parallax_layout_list&quot;:[]}\">\n\t\t\t\t\t<div class=\"e-con-inner\">\n\t\t<div class=\"elementor-element elementor-element-9a853d9 e-grid e-con-full e-con e-child\" data-id=\"9a853d9\" data-element_type=\"container\" data-e-type=\"container\" data-settings=\"{&quot;jet_parallax_layout_list&quot;:[]}\">\n\t\t<div class=\"elementor-element elementor-element-4ea0d1d e-con-full e-flex e-con e-child\" data-id=\"4ea0d1d\" data-element_type=\"container\" data-e-type=\"container\" data-settings=\"{&quot;background_background&quot;:&quot;classic&quot;,&quot;jet_parallax_layout_list&quot;:[]}\">\n\t\t\t\t<div class=\"elementor-element elementor-element-1b6cbd9 elementor-widget elementor-widget-heading\" data-id=\"1b6cbd9\" data-element_type=\"widget\" data-e-type=\"widget\" data-widget_type=\"heading.default\">\n\t\t\t\t<div class=\"elementor-widget-container\">\n\t\t\t\t\t<h2 class=\"elementor-heading-title elementor-size-default\">Pri\u00e8re pour le monde du bouddhisme<\/h2>\t\t\t\t<\/div>\n\t\t\t\t<\/div>\n\t\t\t\t<div class=\"elementor-element elementor-element-94c1a58 elementor-widget elementor-widget-text-editor\" data-id=\"94c1a58\" data-element_type=\"widget\" data-e-type=\"widget\" data-widget_type=\"text-editor.default\">\n\t\t\t\t<div class=\"elementor-widget-container\">\n\t\t\t\t\t\t\t\t\t<p class=\"p1\">Le monde du bouddhisme compte 22 pays et environ 1,29 milliard d&rsquo;adeptes. Les principales formes - Theravada, Mahayana et le bouddhisme tib\u00e9tain - marquent de leur empreinte diff\u00e9rentes traditions. En Suisse, des communaut\u00e9s bouddhistes tib\u00e9taines, mais aussi d&rsquo;autres, sont repr\u00e9sent\u00e9es. Cela invite \u00e0 d\u00e9couvrir leur contexte religieux et \u00e0 prier pour elles.   <\/p><p><strong>Trouver le livret de pri\u00e8re sur Internet ou le commander sous forme de livret :  <\/strong><\/p><ul><li><strong>Digital<\/strong>: Le guide \u00ab\u00a015 jours de pri\u00e8re pour le monde bouddhiste\u00a0\u00bb est disponible chaque ann\u00e9e en janvier aupr\u00e8s de l&rsquo;Alliance \u00e9vang\u00e9lique suisse <a href=\"https:\/\/www.each.ch\/\">: https:\/\/www.each.ch<\/a><\/li><li><strong>Imprim\u00e9<\/strong>: le livret peut \u00eatre command\u00e9 aupr\u00e8s du secr\u00e9tariat de l&rsquo;AEM : <a href=\"mailto:Sekretariat@aem.ch\">sekretariat@aem.ch<\/a><\/li><\/ul><div> <\/div><p><strong>Autres sources de pri\u00e8re <\/strong>sur le \u00ab\u00a0monde du bouddhisme\u00a0\u00bb provenant de l&rsquo;environnement de l&rsquo;AEM : \u00dcMG\/OMF : cahiers de pri\u00e8re imprim\u00e9s sur les diff\u00e9rents pays du monde bouddhiste ; SAM Global, WEC, SIM, SMG.<\/p><p><strong>Pour les amis r\u00e9sidant en Allemagne ou en Autriche<\/strong>:<\/p><ul><li><a href=\"mailto:info@DMGint.de\">info@DMGint.de<\/a> (Allemagne)<\/li><li><a href=\"mailto:office@aem.at\">office@aem.at<\/a> (Autriche)<\/li><\/ul><div> <\/div><p><strong>Informations compl\u00e9mentaires sur la pri\u00e8re<\/strong>:<\/p><ul><li><strong>Vid\u00e9os de pri\u00e8re : <\/strong><a href=\"https:\/\/joshuaproject.net\/pray\/videos\" target=\"_blank\" rel=\"noopener noreferrer\">https:\/\/www.joshuaproject.net\/pray\/videos<\/a><\/li><li><strong>Peuples bouddhistes :<\/strong> <a href=\"https:\/\/de.etnopedia.org\/\" target=\"_blank\" rel=\"noopener noreferrer\">https:\/\/de.etnopedia.org\/<\/a><\/li><\/ul>\t\t\t\t\t\t\t\t<\/div>\n\t\t\t\t<\/div>\n\t\t\t\t<\/div>\n\t\t<div class=\"elementor-element elementor-element-7e5d88a e-con-full e-flex e-con e-child\" data-id=\"7e5d88a\" data-element_type=\"container\" data-e-type=\"container\" data-settings=\"{&quot;jet_parallax_layout_list&quot;:[]}\">\n\t\t\t\t<div class=\"elementor-element elementor-element-8643ce8 elementor-widget elementor-widget-image\" data-id=\"8643ce8\" data-element_type=\"widget\" data-e-type=\"widget\" data-widget_type=\"image.default\">\n\t\t\t\t<div class=\"elementor-widget-container\">\n\t\t\t\t\t\t\t\t\t\t\t\t\t\t\t<img loading=\"lazy\" decoding=\"async\" width=\"1600\" height=\"1200\" src=\"https:\/\/mission.weiterdev.ch\/wp-content\/uploads\/2025\/12\/mission_bhuddism.jpg\" class=\"attachment-full size-full wp-image-4832\" alt=\"\" srcset=\"https:\/\/mission.weiterdev.ch\/wp-content\/uploads\/2025\/12\/mission_bhuddism.jpg 1600w, https:\/\/mission.weiterdev.ch\/wp-content\/uploads\/2025\/12\/mission_bhuddism-300x225.jpg 300w, https:\/\/mission.weiterdev.ch\/wp-content\/uploads\/2025\/12\/mission_bhuddism-1024x768.jpg 1024w, https:\/\/mission.weiterdev.ch\/wp-content\/uploads\/2025\/12\/mission_bhuddism-768x576.jpg 768w, https:\/\/mission.weiterdev.ch\/wp-content\/uploads\/2025\/12\/mission_bhuddism-1536x1152.jpg 1536w\" sizes=\"auto, (max-width: 1600px) 100vw, 1600px\" \/>\t\t\t\t\t\t\t\t\t\t\t\t\t\t\t<\/div>\n\t\t\t\t<\/div>\n\t\t\t\t<\/div>\n\t\t\t\t<\/div>\n\t\t\t\t\t<\/div>\n\t\t\t\t<\/div>\n\t\t<div class=\"elementor-element elementor-element-4247130 e-con-full e-flex e-con e-parent\" data-id=\"4247130\" data-element_type=\"container\" data-e-type=\"container\" id=\"Gebetf\u00fcrdieweltdesIslams\" data-settings=\"{&quot;background_background&quot;:&quot;classic&quot;,&quot;jet_parallax_layout_list&quot;:[]}\">\n\t\t<div class=\"elementor-element elementor-element-eeb2b3b e-grid e-con-full e-con e-child\" data-id=\"eeb2b3b\" data-element_type=\"container\" data-e-type=\"container\" data-settings=\"{&quot;jet_parallax_layout_list&quot;:[]}\">\n\t\t<div class=\"elementor-element elementor-element-13d6557 e-con-full e-flex e-con e-child\" data-id=\"13d6557\" data-element_type=\"container\" data-e-type=\"container\" data-settings=\"{&quot;background_background&quot;:&quot;classic&quot;,&quot;jet_parallax_layout_list&quot;:[]}\">\n\t\t\t\t<div class=\"elementor-element elementor-element-dd53724 elementor-widget elementor-widget-heading\" data-id=\"dd53724\" data-element_type=\"widget\" data-e-type=\"widget\" data-widget_type=\"heading.default\">\n\t\t\t\t<div class=\"elementor-widget-container\">\n\t\t\t\t\t<h2 class=\"elementor-heading-title elementor-size-default\">30 jours de pri\u00e8re pour le monde islamique\n\n<\/h2>\t\t\t\t<\/div>\n\t\t\t\t<\/div>\n\t\t\t\t<div class=\"elementor-element elementor-element-6c92b54 elementor-widget elementor-widget-text-editor\" data-id=\"6c92b54\" data-element_type=\"widget\" data-e-type=\"widget\" data-widget_type=\"text-editor.default\">\n\t\t\t\t<div class=\"elementor-widget-container\">\n\t\t\t\t\t\t\t\t\t<p>Les musulmans sont des personnes que Dieu a cr\u00e9\u00e9es \u00e0 son image. J\u00e9sus est aussi mort sur la croix pour eux. C&rsquo;est pourquoi nous souhaitons prier pour le monde islamique pendant 30 jours chaque ann\u00e9e, en particulier pendant le Ramadan, afin que les musulmans puissent rencontrer le J\u00e9sus de la Bible, la force spirituelle de l&rsquo;\u00c9vangile et l&rsquo;action r\u00e9elle de la Parole de Dieu.<\/p><p><strong>Voulez-vous aussi prier chaque jour ? Alors suivez-nous sur Facebook<\/strong><\/p>\t\t\t\t\t\t\t\t<\/div>\n\t\t\t\t<\/div>\n\t\t\t\t<div class=\"elementor-element elementor-element-75ece98 elementor-align-center elementor-widget elementor-widget-button\" data-id=\"75ece98\" data-element_type=\"widget\" data-e-type=\"widget\" data-widget_type=\"button.default\">\n\t\t\t\t<div class=\"elementor-widget-container\">\n\t\t\t\t\t\t\t\t\t<div class=\"elementor-button-wrapper\">\n\t\t\t\t\t<a class=\"elementor-button elementor-button-link elementor-size-sm\" href=\"https:\/\/www.facebook.com\/30TageGebet\" target=\"_blank\">\n\t\t\t\t\t\t<span class=\"elementor-button-content-wrapper\">\n\t\t\t\t\t\t\t\t\t<span class=\"elementor-button-text\">Facebook<\/span>\n\t\t\t\t\t<\/span>\n\t\t\t\t\t<\/a>\n\t\t\t\t<\/div>\n\t\t\t\t\t\t\t\t<\/div>\n\t\t\t\t<\/div>\n\t\t\t\t<div class=\"elementor-element elementor-element-ce2895a elementor-widget elementor-widget-text-editor\" data-id=\"ce2895a\" data-element_type=\"widget\" data-e-type=\"widget\" data-widget_type=\"text-editor.default\">\n\t\t\t\t<div class=\"elementor-widget-container\">\n\t\t\t\t\t\t\t\t\t(Veuillez passer vos commandes pour la Suisse <a style=\"color:#5493C5;\" href=\"email:info@each.ch\">ici<\/a> )\t\t\t\t\t\t\t\t<\/div>\n\t\t\t\t<\/div>\n\t\t\t\t<\/div>\n\t\t<div class=\"elementor-element elementor-element-2c923d2 e-con-full e-flex e-con e-child\" data-id=\"2c923d2\" data-element_type=\"container\" data-e-type=\"container\" data-settings=\"{&quot;jet_parallax_layout_list&quot;:[]}\">\n\t\t\t\t<div class=\"elementor-element elementor-element-9eeb32f elementor-widget elementor-widget-image\" data-id=\"9eeb32f\" data-element_type=\"widget\" data-e-type=\"widget\" data-widget_type=\"image.default\">\n\t\t\t\t<div class=\"elementor-widget-container\">\n\t\t\t\t\t\t\t\t\t\t\t\t\t\t\t<img loading=\"lazy\" decoding=\"async\" width=\"800\" height=\"600\" src=\"https:\/\/mission.weiterdev.ch\/wp-content\/uploads\/2025\/07\/mission_30_tage_gebet_fuer_die_islamische_welt.jpg\" class=\"attachment-full size-full wp-image-4138\" alt=\"\" srcset=\"https:\/\/mission.weiterdev.ch\/wp-content\/uploads\/2025\/07\/mission_30_tage_gebet_fuer_die_islamische_welt.jpg 800w, https:\/\/mission.weiterdev.ch\/wp-content\/uploads\/2025\/07\/mission_30_tage_gebet_fuer_die_islamische_welt-300x225.jpg 300w, https:\/\/mission.weiterdev.ch\/wp-content\/uploads\/2025\/07\/mission_30_tage_gebet_fuer_die_islamische_welt-768x576.jpg 768w\" sizes=\"auto, (max-width: 800px) 100vw, 800px\" \/>\t\t\t\t\t\t\t\t\t\t\t\t\t\t\t<\/div>\n\t\t\t\t<\/div>\n\t\t\t\t<\/div>\n\t\t\t\t<\/div>\n\t\t\t\t<\/div>\n\t\t\t\t<\/div>\n\t\t","protected":false},"excerpt":{"rendered":"<p>Rechercher pri\u00e8re Nous croyons que Dieu r\u00e9pond \u00e0 nos pri\u00e8res. Ensemble, nous voulons nous engager dans la pri\u00e8re pour le monde. Pri\u00e8re pour le monde Que fait Dieu parmi les nations aujourd&rsquo;hui ? Quels sont les d\u00e9fis et les opportunit\u00e9s auxquels nous sommes confront\u00e9s dans le cadre de la mission globale ? Comment pouvons-nous prier [&hellip;]<\/p>\n","protected":false},"author":1,"featured_media":0,"parent":0,"menu_order":0,"comment_status":"closed","ping_status":"closed","template":"elementor_header_footer","meta":{"_acf_changed":false,"footnotes":""},"class_list":["post-4409","page","type-page","status-publish","hentry"],"acf":[],"publishpress_future_action":{"enabled":false,"date":"2026-05-07 02:33:51","action":"change-status","newStatus":"draft","terms":[],"taxonomy":"translation_priority","extraData":[]},"publishpress_future_workflow_manual_trigger":{"enabledWorkflows":[]},"_links":{"self":[{"href":"https:\/\/mission.weiterdev.ch\/fr\/wp-json\/wp\/v2\/pages\/4409","targetHints":{"allow":["GET"]}}],"collection":[{"href":"https:\/\/mission.weiterdev.ch\/fr\/wp-json\/wp\/v2\/pages"}],"about":[{"href":"https:\/\/mission.weiterdev.ch\/fr\/wp-json\/wp\/v2\/types\/page"}],"author":[{"embeddable":true,"href":"https:\/\/mission.weiterdev.ch\/fr\/wp-json\/wp\/v2\/users\/1"}],"replies":[{"embeddable":true,"href":"https:\/\/mission.weiterdev.ch\/fr\/wp-json\/wp\/v2\/comments?post=4409"}],"version-history":[{"count":10,"href":"https:\/\/mission.weiterdev.ch\/fr\/wp-json\/wp\/v2\/pages\/4409\/revisions"}],"predecessor-version":[{"id":7174,"href":"https:\/\/mission.weiterdev.ch\/fr\/wp-json\/wp\/v2\/pages\/4409\/revisions\/7174"}],"wp:attachment":[{"href":"https:\/\/mission.weiterdev.ch\/fr\/wp-json\/wp\/v2\/media?parent=4409"}],"curies":[{"name":"wp","href":"https:\/\/api.w.org\/{rel}","templated":true}]}}