{"id":4366,"date":"2025-07-03T05:50:02","date_gmt":"2025-07-03T05:50:02","guid":{"rendered":"https:\/\/mission.weiterdev.ch\/member-care\/"},"modified":"2026-01-15T14:29:28","modified_gmt":"2026-01-15T14:29:28","slug":"member-care","status":"publish","type":"page","link":"https:\/\/mission.weiterdev.ch\/fr\/member-care\/","title":{"rendered":"Member Care"},"content":{"rendered":"\t\t<div data-elementor-type=\"wp-page\" data-elementor-id=\"4366\" class=\"elementor elementor-4366 elementor-2873\" data-elementor-post-type=\"page\">\n\t\t\t\t<div class=\"elementor-element elementor-element-839eff0 e-flex e-con-boxed e-con e-parent\" data-id=\"839eff0\" data-element_type=\"container\" data-e-type=\"container\" data-settings=\"{&quot;background_background&quot;:&quot;classic&quot;,&quot;jet_parallax_layout_list&quot;:[]}\">\n\t\t\t\t\t<div class=\"e-con-inner\">\n\t\t<div class=\"elementor-element elementor-element-5835179 e-con-full e-flex e-con e-child\" data-id=\"5835179\" data-element_type=\"container\" data-e-type=\"container\" data-settings=\"{&quot;jet_parallax_layout_list&quot;:[]}\">\n\t\t\t\t<div class=\"elementor-element elementor-element-5c280d0 elementor-align-left elementor-mobile-align-center elementor-tablet-align-center elementor-widget elementor-widget-button\" data-id=\"5c280d0\" data-element_type=\"widget\" data-e-type=\"widget\" data-widget_type=\"button.default\">\n\t\t\t\t<div class=\"elementor-widget-container\">\n\t\t\t\t\t\t\t\t\t<div class=\"elementor-button-wrapper\">\n\t\t\t\t\t<a class=\"elementor-button elementor-button-link elementor-size-sm\" href=\"#\">\n\t\t\t\t\t\t<span class=\"elementor-button-content-wrapper\">\n\t\t\t\t\t\t\t\t\t<span class=\"elementor-button-text\">Rechercher<\/span>\n\t\t\t\t\t<\/span>\n\t\t\t\t\t<\/a>\n\t\t\t\t<\/div>\n\t\t\t\t\t\t\t\t<\/div>\n\t\t\t\t<\/div>\n\t\t\t\t<\/div>\n\t\t\t\t\t<\/div>\n\t\t\t\t<\/div>\n\t\t<div class=\"elementor-element elementor-element-a4f240e e-flex e-con-boxed e-con e-parent\" data-id=\"a4f240e\" data-element_type=\"container\" data-e-type=\"container\" id=\"werwirsind\" data-settings=\"{&quot;background_background&quot;:&quot;classic&quot;,&quot;jet_parallax_layout_list&quot;:[]}\">\n\t\t\t\t\t<div class=\"e-con-inner\">\n\t\t\t\t<div class=\"elementor-element elementor-element-cfa17f6 sub-title elementor-widget elementor-widget-heading\" data-id=\"cfa17f6\" data-element_type=\"widget\" data-e-type=\"widget\" data-widget_type=\"heading.default\">\n\t\t\t\t<div class=\"elementor-widget-container\">\n\t\t\t\t\t<h2 class=\"elementor-heading-title elementor-size-default\">Qui sommes-nous ?<\/h2>\t\t\t\t<\/div>\n\t\t\t\t<\/div>\n\t\t\t\t<div class=\"elementor-element elementor-element-b44b2db elementor-widget elementor-widget-text-editor\" data-id=\"b44b2db\" data-element_type=\"widget\" data-e-type=\"widget\" data-widget_type=\"text-editor.default\">\n\t\t\t\t<div class=\"elementor-widget-container\">\n\t\t\t\t\t\t\t\t\t<p><strong>Le r\u00e9seau Membercare (MCN) Suisse est un groupe de travail de l&rsquo;AEM Suisse. Elle a \u00e9t\u00e9 cr\u00e9\u00e9e d\u00e9but 1999 et se compose de cinq \u00e0 sept repr\u00e9sentants de diff\u00e9rentes organisations missionnaires suisses. MCN Suisse est en bon contact avec Member Care Europe et Member Care Partner Deutschland et travaille sur la base de la SEA.<\/strong><\/p>\t\t\t\t\t\t\t\t<\/div>\n\t\t\t\t<\/div>\n\t\t\t\t<div class=\"elementor-element elementor-element-1d93b8b elementor-widget elementor-widget-heading\" data-id=\"1d93b8b\" data-element_type=\"widget\" data-e-type=\"widget\" data-widget_type=\"heading.default\">\n\t\t\t\t<div class=\"elementor-widget-container\">\n\t\t\t\t\t<h3 class=\"elementor-heading-title elementor-size-default\">D\u00e9claration de mission<\/h3>\t\t\t\t<\/div>\n\t\t\t\t<\/div>\n\t\t\t\t<div class=\"elementor-element elementor-element-f060170 elementor-widget elementor-widget-text-editor\" data-id=\"f060170\" data-element_type=\"widget\" data-e-type=\"widget\" data-widget_type=\"text-editor.default\">\n\t\t\t\t<div class=\"elementor-widget-container\">\n\t\t\t\t\t\t\t\t\t<p>En tant que MCN, notre objectif est d&rsquo;aider les organisations membres de l&rsquo;AEM \u00e0 s&rsquo;assurer que leurs employ\u00e9s et leurs enfants re\u00e7oivent les soins appropri\u00e9s \u00e0 leurs besoins pendant la pr\u00e9paration, dans le pays d&rsquo;affectation et pendant le processus de retour, afin qu&rsquo;ils puissent exercer leur minist\u00e8re de mani\u00e8re holistique (corps, \u00e2me, esprit).<\/p>\t\t\t\t\t\t\t\t<\/div>\n\t\t\t\t<\/div>\n\t\t\t\t<div class=\"elementor-element elementor-element-064cc11 elementor-widget elementor-widget-heading\" data-id=\"064cc11\" data-element_type=\"widget\" data-e-type=\"widget\" data-widget_type=\"heading.default\">\n\t\t\t\t<div class=\"elementor-widget-container\">\n\t\t\t\t\t<h3 class=\"elementor-heading-title elementor-size-default\">Mode de fonctionnement<\/h3>\t\t\t\t<\/div>\n\t\t\t\t<\/div>\n\t\t\t\t<div class=\"elementor-element elementor-element-2458a25 elementor-widget elementor-widget-text-editor\" data-id=\"2458a25\" data-element_type=\"widget\" data-e-type=\"widget\" data-widget_type=\"text-editor.default\">\n\t\t\t\t<div class=\"elementor-widget-container\">\n\t\t\t\t\t\t\t\t\t<p>MCN Suisse se veut une plaque tournante de coordination des offres, un centre de liaison pour les professionnels et les sp\u00e9cialistes, ainsi qu&rsquo;un point d&rsquo;information pour les aides sur le th\u00e8me du Membercare.<\/p>\t\t\t\t\t\t\t\t<\/div>\n\t\t\t\t<\/div>\n\t\t\t\t<div class=\"elementor-element elementor-element-2a6e9e2 elementor-widget elementor-widget-heading\" data-id=\"2a6e9e2\" data-element_type=\"widget\" data-e-type=\"widget\" data-widget_type=\"heading.default\">\n\t\t\t\t<div class=\"elementor-widget-container\">\n\t\t\t\t\t<h3 class=\"elementor-heading-title elementor-size-default\">Membres du groupe de coordination MCN<\/h3>\t\t\t\t<\/div>\n\t\t\t\t<\/div>\n\t\t\t\t<div class=\"elementor-element elementor-element-9b10f34 elementor-widget elementor-widget-text-editor\" data-id=\"9b10f34\" data-element_type=\"widget\" data-e-type=\"widget\" data-widget_type=\"text-editor.default\">\n\t\t\t\t<div class=\"elementor-widget-container\">\n\t\t\t\t\t\t\t\t\t<ul><li>SE, sans mission \/ TCK en Am\u00e9rique du Sud, actif en MCN depuis 2016<\/li><li>UW, AEM \/ Exp\u00e9rience missionnaire : 3 ans au Costa Rica, depuis 2010 au bureau d&rsquo;origine<\/li><li>SP, Frontiers \/ Exp\u00e9rience en mission : 1,5 an au Sahel, depuis 2021 Membercare<\/li><li>HB, MAF \/ Exp\u00e9rience missionnaire : 25 ans avec YWAM\/JMEM en Allemagne, Europe de l&rsquo;Est + Asie, depuis 2023 chez MAF au People Care<\/li><\/ul>\t\t\t\t\t\t\t\t<\/div>\n\t\t\t\t<\/div>\n\t\t\t\t<div class=\"elementor-element elementor-element-c0be932 elementor-widget elementor-widget-heading\" data-id=\"c0be932\" data-element_type=\"widget\" data-e-type=\"widget\" data-widget_type=\"heading.default\">\n\t\t\t\t<div class=\"elementor-widget-container\">\n\t\t\t\t\t<h2 class=\"elementor-heading-title elementor-size-default\">Ressorts<\/h2>\t\t\t\t<\/div>\n\t\t\t\t<\/div>\n\t\t\t\t<div class=\"elementor-element elementor-element-dd9c3d5 elementor-widget elementor-widget-image\" data-id=\"dd9c3d5\" data-element_type=\"widget\" data-e-type=\"widget\" data-widget_type=\"image.default\">\n\t\t\t\t<div class=\"elementor-widget-container\">\n\t\t\t\t\t\t\t\t\t\t\t\t\t\t\t<img loading=\"lazy\" decoding=\"async\" width=\"800\" height=\"672\" src=\"https:\/\/mission.weiterdev.ch\/wp-content\/uploads\/2025\/12\/AG-MCN-Org.png\" class=\"attachment-large size-large wp-image-5536\" alt=\"\" srcset=\"https:\/\/mission.weiterdev.ch\/wp-content\/uploads\/2025\/12\/AG-MCN-Org.png 912w, https:\/\/mission.weiterdev.ch\/wp-content\/uploads\/2025\/12\/AG-MCN-Org-300x252.png 300w, https:\/\/mission.weiterdev.ch\/wp-content\/uploads\/2025\/12\/AG-MCN-Org-768x645.png 768w\" sizes=\"auto, (max-width: 800px) 100vw, 800px\" \/>\t\t\t\t\t\t\t\t\t\t\t\t\t\t\t<\/div>\n\t\t\t\t<\/div>\n\t\t\t\t<div class=\"elementor-element elementor-element-973915d elementor-widget elementor-widget-n-accordion\" data-id=\"973915d\" data-element_type=\"widget\" data-e-type=\"widget\" data-settings=\"{&quot;default_state&quot;:&quot;expanded&quot;,&quot;max_items_expended&quot;:&quot;one&quot;,&quot;n_accordion_animation_duration&quot;:{&quot;unit&quot;:&quot;ms&quot;,&quot;size&quot;:400,&quot;sizes&quot;:[]}}\" data-widget_type=\"nested-accordion.default\">\n\t\t\t\t<div class=\"elementor-widget-container\">\n\t\t\t\t\t\t\t<div class=\"e-n-accordion\" aria-label=\"Accordion. Open links with Enter or Space, close with Escape, and navigate with Arrow Keys\">\n\t\t\t\t\t\t<details id=\"e-n-accordion-item-1580\" class=\"e-n-accordion-item\" open>\n\t\t\t\t<summary class=\"e-n-accordion-item-title\" data-accordion-index=\"1\" tabindex=\"0\" aria-expanded=\"true\" aria-controls=\"e-n-accordion-item-1580\" >\n\t\t\t\t\t<span class='e-n-accordion-item-title-header'><div class=\"e-n-accordion-item-title-text\"> Mise en r\u00e9seau des offres <\/div><\/span>\n\t\t\t\t\t\t\t<span class='e-n-accordion-item-title-icon'>\n\t\t\t<span class='e-opened' ><i aria-hidden=\"true\" class=\"fas fa-minus\"><\/i><\/span>\n\t\t\t<span class='e-closed'><i aria-hidden=\"true\" class=\"fas fa-plus\"><\/i><\/span>\n\t\t<\/span>\n\n\t\t\t\t\t\t<\/summary>\n\t\t\t\t<div role=\"region\" aria-labelledby=\"e-n-accordion-item-1580\" class=\"elementor-element elementor-element-7990213 e-con-full e-flex e-con e-child\" data-id=\"7990213\" data-element_type=\"container\" data-e-type=\"container\" data-settings=\"{&quot;jet_parallax_layout_list&quot;:[]}\">\n\t\t<div role=\"region\" aria-labelledby=\"e-n-accordion-item-1580\" class=\"elementor-element elementor-element-39a94bd e-flex e-con-boxed e-con e-child\" data-id=\"39a94bd\" data-element_type=\"container\" data-e-type=\"container\" data-settings=\"{&quot;jet_parallax_layout_list&quot;:[]}\">\n\t\t\t\t\t<div class=\"e-con-inner\">\n\t\t\t\t<div class=\"elementor-element elementor-element-e10ec20 elementor-widget elementor-widget-text-editor\" data-id=\"e10ec20\" data-element_type=\"widget\" data-e-type=\"widget\" data-widget_type=\"text-editor.default\">\n\t\t\t\t<div class=\"elementor-widget-container\">\n\t\t\t\t\t\t\t\t\t<p>Nous mettons \u00e0 tout moment des informations sur les offres Membercare existantes (Suisse et pays germanophones) et sur les sp\u00e9cialistes \u00e0 la disposition des organisations missionnaires, des \u00e9glises et des personnes en qu\u00eate de conseils.<\/p>\t\t\t\t\t\t\t\t<\/div>\n\t\t\t\t<\/div>\n\t\t\t\t\t<\/div>\n\t\t\t\t<\/div>\n\t\t\t\t<\/div>\n\t\t\t\t\t<\/details>\n\t\t\t\t\t\t<details id=\"e-n-accordion-item-1581\" class=\"e-n-accordion-item\" >\n\t\t\t\t<summary class=\"e-n-accordion-item-title\" data-accordion-index=\"2\" tabindex=\"-1\" aria-expanded=\"false\" aria-controls=\"e-n-accordion-item-1581\" >\n\t\t\t\t\t<span class='e-n-accordion-item-title-header'><div class=\"e-n-accordion-item-title-text\"> Third-Culture-Kids-Care Suisse <\/div><\/span>\n\t\t\t\t\t\t\t<span class='e-n-accordion-item-title-icon'>\n\t\t\t<span class='e-opened' ><i aria-hidden=\"true\" class=\"fas fa-minus\"><\/i><\/span>\n\t\t\t<span class='e-closed'><i aria-hidden=\"true\" class=\"fas fa-plus\"><\/i><\/span>\n\t\t<\/span>\n\n\t\t\t\t\t\t<\/summary>\n\t\t\t\t<div role=\"region\" aria-labelledby=\"e-n-accordion-item-1581\" class=\"elementor-element elementor-element-d5746a7 e-con-full e-flex e-con e-child\" data-id=\"d5746a7\" data-element_type=\"container\" data-e-type=\"container\" data-settings=\"{&quot;jet_parallax_layout_list&quot;:[]}\">\n\t\t<div role=\"region\" aria-labelledby=\"e-n-accordion-item-1581\" class=\"elementor-element elementor-element-d3cbf5d e-flex e-con-boxed e-con e-child\" data-id=\"d3cbf5d\" data-element_type=\"container\" data-e-type=\"container\" data-settings=\"{&quot;jet_parallax_layout_list&quot;:[]}\">\n\t\t\t\t\t<div class=\"e-con-inner\">\n\t\t\t\t<div class=\"elementor-element elementor-element-490e469 elementor-widget elementor-widget-text-editor\" data-id=\"490e469\" data-element_type=\"widget\" data-e-type=\"widget\" data-widget_type=\"text-editor.default\">\n\t\t\t\t<div class=\"elementor-widget-container\">\n\t\t\t\t\t\t\t\t\t<p>Les TCK b\u00e9n\u00e9ficient d&rsquo;une prise en charge adapt\u00e9e \u00e0 leurs besoins pendant la pr\u00e9paration, dans le pays d&rsquo;affectation et pendant le processus de retour, afin de leur permettre de se d\u00e9velopper sainement.<\/p><p><a href=\"https:\/\/tck-care.ch\/\">Cliquez ici<\/a> pour acc\u00e9der directement au site web.<\/p>\t\t\t\t\t\t\t\t<\/div>\n\t\t\t\t<\/div>\n\t\t\t\t\t<\/div>\n\t\t\t\t<\/div>\n\t\t\t\t<\/div>\n\t\t\t\t\t<\/details>\n\t\t\t\t\t\t<details id=\"e-n-accordion-item-1582\" class=\"e-n-accordion-item\" >\n\t\t\t\t<summary class=\"e-n-accordion-item-title\" data-accordion-index=\"3\" tabindex=\"-1\" aria-expanded=\"false\" aria-controls=\"e-n-accordion-item-1582\" >\n\t\t\t\t\t<span class='e-n-accordion-item-title-header'><div class=\"e-n-accordion-item-title-text\"> ERFA Member Care <\/div><\/span>\n\t\t\t\t\t\t\t<span class='e-n-accordion-item-title-icon'>\n\t\t\t<span class='e-opened' ><i aria-hidden=\"true\" class=\"fas fa-minus\"><\/i><\/span>\n\t\t\t<span class='e-closed'><i aria-hidden=\"true\" class=\"fas fa-plus\"><\/i><\/span>\n\t\t<\/span>\n\n\t\t\t\t\t\t<\/summary>\n\t\t\t\t<div role=\"region\" aria-labelledby=\"e-n-accordion-item-1582\" class=\"elementor-element elementor-element-fac690a e-con-full e-flex e-con e-child\" data-id=\"fac690a\" data-element_type=\"container\" data-e-type=\"container\" data-settings=\"{&quot;jet_parallax_layout_list&quot;:[]}\">\n\t\t<div role=\"region\" aria-labelledby=\"e-n-accordion-item-1582\" class=\"elementor-element elementor-element-4efdc28 e-flex e-con-boxed e-con e-child\" data-id=\"4efdc28\" data-element_type=\"container\" data-e-type=\"container\" data-settings=\"{&quot;jet_parallax_layout_list&quot;:[]}\">\n\t\t\t\t\t<div class=\"e-con-inner\">\n\t\t\t\t<div class=\"elementor-element elementor-element-207b42a elementor-widget elementor-widget-text-editor\" data-id=\"207b42a\" data-element_type=\"widget\" data-e-type=\"widget\" data-widget_type=\"text-editor.default\">\n\t\t\t\t<div class=\"elementor-widget-container\">\n\t\t\t\t\t\t\t\t\t<p>Des informations suivront.<\/p>\t\t\t\t\t\t\t\t<\/div>\n\t\t\t\t<\/div>\n\t\t\t\t\t<\/div>\n\t\t\t\t<\/div>\n\t\t\t\t<\/div>\n\t\t\t\t\t<\/details>\n\t\t\t\t\t\t<details id=\"e-n-accordion-item-1583\" class=\"e-n-accordion-item\" >\n\t\t\t\t<summary class=\"e-n-accordion-item-title\" data-accordion-index=\"4\" tabindex=\"-1\" aria-expanded=\"false\" aria-controls=\"e-n-accordion-item-1583\" >\n\t\t\t\t\t<span class='e-n-accordion-item-title-header'><div class=\"e-n-accordion-item-title-text\"> Planificateur d'\u00e9v\u00e9nements <\/div><\/span>\n\t\t\t\t\t\t\t<span class='e-n-accordion-item-title-icon'>\n\t\t\t<span class='e-opened' ><i aria-hidden=\"true\" class=\"fas fa-minus\"><\/i><\/span>\n\t\t\t<span class='e-closed'><i aria-hidden=\"true\" class=\"fas fa-plus\"><\/i><\/span>\n\t\t<\/span>\n\n\t\t\t\t\t\t<\/summary>\n\t\t\t\t<div role=\"region\" aria-labelledby=\"e-n-accordion-item-1583\" class=\"elementor-element elementor-element-7436399 e-flex e-con-boxed e-con e-child\" data-id=\"7436399\" data-element_type=\"container\" data-e-type=\"container\" data-settings=\"{&quot;jet_parallax_layout_list&quot;:[]}\">\n\t\t\t\t\t<div class=\"e-con-inner\">\n\t\t<div role=\"region\" aria-labelledby=\"e-n-accordion-item-1583\" class=\"elementor-element elementor-element-543bed6 e-con-full e-flex e-con e-child\" data-id=\"543bed6\" data-element_type=\"container\" data-e-type=\"container\" data-settings=\"{&quot;jet_parallax_layout_list&quot;:[]}\">\n\t\t\t\t<div class=\"elementor-element elementor-element-779cf6c elementor-widget elementor-widget-text-editor\" data-id=\"779cf6c\" data-element_type=\"widget\" data-e-type=\"widget\" data-widget_type=\"text-editor.default\">\n\t\t\t\t<div class=\"elementor-widget-container\">\n\t\t\t\t\t\t\t\t\t<p>Chaque ann\u00e9e, le r\u00e9seau Membercare propose au moins une formation continue en allemand pour le personnel Membercare et le personnel sp\u00e9cialis\u00e9 des organisations AEM en Suisse. Nous maintenons et d\u00e9veloppons \u00e9galement les contacts au niveau europ\u00e9en avec l&rsquo;EMCC, par exemple au sein du comit\u00e9 ex\u00e9cutif. <\/p>\t\t\t\t\t\t\t\t<\/div>\n\t\t\t\t<\/div>\n\t\t\t\t<\/div>\n\t\t\t\t\t<\/div>\n\t\t\t\t<\/div>\n\t\t\t\t\t<\/details>\n\t\t\t\t\t\t<details id=\"e-n-accordion-item-1584\" class=\"e-n-accordion-item\" >\n\t\t\t\t<summary class=\"e-n-accordion-item-title\" data-accordion-index=\"5\" tabindex=\"-1\" aria-expanded=\"false\" aria-controls=\"e-n-accordion-item-1584\" >\n\t\t\t\t\t<span class='e-n-accordion-item-title-header'><div class=\"e-n-accordion-item-title-text\"> Point d'information <\/div><\/span>\n\t\t\t\t\t\t\t<span class='e-n-accordion-item-title-icon'>\n\t\t\t<span class='e-opened' ><i aria-hidden=\"true\" class=\"fas fa-minus\"><\/i><\/span>\n\t\t\t<span class='e-closed'><i aria-hidden=\"true\" class=\"fas fa-plus\"><\/i><\/span>\n\t\t<\/span>\n\n\t\t\t\t\t\t<\/summary>\n\t\t\t\t<div role=\"region\" aria-labelledby=\"e-n-accordion-item-1584\" class=\"elementor-element elementor-element-a946d16 e-flex e-con-boxed e-con e-child\" data-id=\"a946d16\" data-element_type=\"container\" data-e-type=\"container\" data-settings=\"{&quot;jet_parallax_layout_list&quot;:[]}\">\n\t\t\t\t\t<div class=\"e-con-inner\">\n\t\t<div role=\"region\" aria-labelledby=\"e-n-accordion-item-1584\" class=\"elementor-element elementor-element-6cae4f7 e-con-full e-flex e-con e-child\" data-id=\"6cae4f7\" data-element_type=\"container\" data-e-type=\"container\" data-settings=\"{&quot;jet_parallax_layout_list&quot;:[]}\">\n\t\t\t\t<div class=\"elementor-element elementor-element-c89e9cc elementor-widget elementor-widget-text-editor\" data-id=\"c89e9cc\" data-element_type=\"widget\" data-e-type=\"widget\" data-widget_type=\"text-editor.default\">\n\t\t\t\t<div class=\"elementor-widget-container\">\n\t\t\t\t\t\t\t\t\t<p>Nous maintenons une liste de diffusion des organisations M et des personnes int\u00e9ress\u00e9es par le Member Care, auxquelles nous transmettons des informations pertinentes et des invitations \u00e0 des formations sur le th\u00e8me du Member Care. Nous envoyons \u00e9galement r\u00e9guli\u00e8rement des comptes-rendus de r\u00e9unions sur le travail de l&rsquo;\u00e9quipe centrale du MCN. <\/p>\t\t\t\t\t\t\t\t<\/div>\n\t\t\t\t<\/div>\n\t\t\t\t<\/div>\n\t\t\t\t\t<\/div>\n\t\t\t\t<\/div>\n\t\t\t\t\t<\/details>\n\t\t\t\t\t<\/div>\n\t\t\t\t\t\t<\/div>\n\t\t\t\t<\/div>\n\t\t\t\t\t<\/div>\n\t\t\t\t<\/div>\n\t\t\t\t<\/div>\n\t\t","protected":false},"excerpt":{"rendered":"<p>Rechercher Qui sommes-nous ? Le r\u00e9seau Membercare (MCN) Suisse est un groupe de travail de l&rsquo;AEM Suisse. Elle a \u00e9t\u00e9 cr\u00e9\u00e9e d\u00e9but 1999 et se compose de cinq \u00e0 sept repr\u00e9sentants de diff\u00e9rentes organisations missionnaires suisses. MCN Suisse est en bon contact avec Member Care Europe et Member Care Partner Deutschland et travaille sur la [&hellip;]<\/p>\n","protected":false},"author":1,"featured_media":0,"parent":0,"menu_order":0,"comment_status":"closed","ping_status":"closed","template":"","meta":{"_acf_changed":false,"footnotes":""},"class_list":["post-4366","page","type-page","status-publish","hentry"],"acf":[],"publishpress_future_action":{"enabled":false,"date":"2026-05-07 03:28:49","action":"change-status","newStatus":"draft","terms":[],"taxonomy":"translation_priority","extraData":[]},"publishpress_future_workflow_manual_trigger":{"enabledWorkflows":[]},"_links":{"self":[{"href":"https:\/\/mission.weiterdev.ch\/fr\/wp-json\/wp\/v2\/pages\/4366","targetHints":{"allow":["GET"]}}],"collection":[{"href":"https:\/\/mission.weiterdev.ch\/fr\/wp-json\/wp\/v2\/pages"}],"about":[{"href":"https:\/\/mission.weiterdev.ch\/fr\/wp-json\/wp\/v2\/types\/page"}],"author":[{"embeddable":true,"href":"https:\/\/mission.weiterdev.ch\/fr\/wp-json\/wp\/v2\/users\/1"}],"replies":[{"embeddable":true,"href":"https:\/\/mission.weiterdev.ch\/fr\/wp-json\/wp\/v2\/comments?post=4366"}],"version-history":[{"count":5,"href":"https:\/\/mission.weiterdev.ch\/fr\/wp-json\/wp\/v2\/pages\/4366\/revisions"}],"predecessor-version":[{"id":6644,"href":"https:\/\/mission.weiterdev.ch\/fr\/wp-json\/wp\/v2\/pages\/4366\/revisions\/6644"}],"wp:attachment":[{"href":"https:\/\/mission.weiterdev.ch\/fr\/wp-json\/wp\/v2\/media?parent=4366"}],"curies":[{"name":"wp","href":"https:\/\/api.w.org\/{rel}","templated":true}]}}