{"id":4365,"date":"2025-05-05T11:57:51","date_gmt":"2025-05-05T11:57:51","guid":{"rendered":"https:\/\/mission.weiterdev.ch\/education\/"},"modified":"2026-01-29T10:52:16","modified_gmt":"2026-01-29T10:52:16","slug":"education","status":"publish","type":"page","link":"https:\/\/mission.weiterdev.ch\/fr\/education\/","title":{"rendered":"\u00c9ducation"},"content":{"rendered":"\t\t<div data-elementor-type=\"wp-page\" data-elementor-id=\"4365\" class=\"elementor elementor-4365 elementor-798\" data-elementor-post-type=\"page\">\n\t\t\t\t<div class=\"elementor-element elementor-element-5c1f272 e-con-full e-flex e-con e-parent\" data-id=\"5c1f272\" data-element_type=\"container\" data-e-type=\"container\" data-settings=\"{&quot;background_background&quot;:&quot;classic&quot;,&quot;jet_parallax_layout_list&quot;:[]}\">\n\t\t<div class=\"elementor-element elementor-element-7c21352 e-con-full e-flex e-con e-child\" data-id=\"7c21352\" data-element_type=\"container\" data-e-type=\"container\" data-settings=\"{&quot;jet_parallax_layout_list&quot;:[]}\">\n\t\t\t\t<\/div>\n\t\t\t\t<div class=\"elementor-element elementor-element-05c859a elementor-align-left elementor-mobile-align-center elementor-tablet-align-center elementor-absolute elementor-widget elementor-widget-button\" data-id=\"05c859a\" data-element_type=\"widget\" data-e-type=\"widget\" data-settings=\"{&quot;_position&quot;:&quot;absolute&quot;}\" data-widget_type=\"button.default\">\n\t\t\t\t<div class=\"elementor-widget-container\">\n\t\t\t\t\t\t\t\t\t<div class=\"elementor-button-wrapper\">\n\t\t\t\t\t<a class=\"elementor-button elementor-button-link elementor-size-sm\" href=\"#\">\n\t\t\t\t\t\t<span class=\"elementor-button-content-wrapper\">\n\t\t\t\t\t\t\t\t\t<span class=\"elementor-button-text\">Rechercher<\/span>\n\t\t\t\t\t<\/span>\n\t\t\t\t\t<\/a>\n\t\t\t\t<\/div>\n\t\t\t\t\t\t\t\t<\/div>\n\t\t\t\t<\/div>\n\t\t\t\t<\/div>\n\t\t<div class=\"elementor-element elementor-element-31081b54 e-flex e-con-boxed e-con e-parent\" data-id=\"31081b54\" data-element_type=\"container\" data-e-type=\"container\" data-settings=\"{&quot;background_background&quot;:&quot;classic&quot;,&quot;jet_parallax_layout_list&quot;:[]}\">\n\t\t\t\t\t<div class=\"e-con-inner\">\n\t\t\t\t<div class=\"elementor-element elementor-element-4d1abf2a sub-title elementor-widget elementor-widget-heading\" data-id=\"4d1abf2a\" data-element_type=\"widget\" data-e-type=\"widget\" data-widget_type=\"heading.default\">\n\t\t\t\t<div class=\"elementor-widget-container\">\n\t\t\t\t\t<h2 class=\"elementor-heading-title elementor-size-default\">\u00c9ducation<\/h2>\t\t\t\t<\/div>\n\t\t\t\t<\/div>\n\t\t\t\t<div class=\"elementor-element elementor-element-28dc1d1 elementor-widget elementor-widget-text-editor\" data-id=\"28dc1d1\" data-element_type=\"widget\" data-e-type=\"widget\" data-widget_type=\"text-editor.default\">\n\t\t\t\t<div class=\"elementor-widget-container\">\n\t\t\t\t\t\t\t\t\t<p>Vous souhaitez vous pr\u00e9parer \u00e0 une mission ? Vous trouverez ici les cours et offres actuels <\/p>\t\t\t\t\t\t\t\t<\/div>\n\t\t\t\t<\/div>\n\t\t\t\t\t<\/div>\n\t\t\t\t<\/div>\n\t\t<div class=\"elementor-element elementor-element-22be312 e-flex e-con-boxed e-con e-parent\" data-id=\"22be312\" data-element_type=\"container\" data-e-type=\"container\" id=\"Ausbildung\" data-settings=\"{&quot;jet_parallax_layout_list&quot;:[],&quot;background_background&quot;:&quot;classic&quot;}\">\n\t\t\t\t\t<div class=\"e-con-inner\">\n\t\t\t\t<div class=\"elementor-element elementor-element-3c8cdec sub-title elementor-widget elementor-widget-heading\" data-id=\"3c8cdec\" data-element_type=\"widget\" data-e-type=\"widget\" data-widget_type=\"heading.default\">\n\t\t\t\t<div class=\"elementor-widget-container\">\n\t\t\t\t\t<h2 class=\"elementor-heading-title elementor-size-default\">Formation<\/h2>\t\t\t\t<\/div>\n\t\t\t\t<\/div>\n\t\t<div class=\"elementor-element elementor-element-0ab9cd1 e-con-full e-flex e-con e-child\" data-id=\"0ab9cd1\" data-element_type=\"container\" data-e-type=\"container\" id=\"logo_1\" data-settings=\"{&quot;jet_parallax_layout_list&quot;:[]}\">\n\t\t<div class=\"elementor-element elementor-element-9dc0272 e-con-full e-flex e-con e-child\" data-id=\"9dc0272\" data-element_type=\"container\" data-e-type=\"container\" data-settings=\"{&quot;jet_parallax_layout_list&quot;:[]}\">\n\t\t\t\t<div class=\"elementor-element elementor-element-6d90fa3 elementor-invisible elementor-widget elementor-widget-image\" data-id=\"6d90fa3\" data-element_type=\"widget\" data-e-type=\"widget\" data-settings=\"{&quot;_animation&quot;:&quot;fadeInDown&quot;}\" data-widget_type=\"image.default\">\n\t\t\t\t<div class=\"elementor-widget-container\">\n\t\t\t\t\t\t\t\t\t\t\t\t\t\t\t\t<a href=\"https:\/\/igw.edu\/\" target=\"_blank\">\n\t\t\t\t\t\t\t<img loading=\"lazy\" decoding=\"async\" width=\"300\" height=\"111\" src=\"https:\/\/mission.weiterdev.ch\/wp-content\/uploads\/2025\/07\/IGW_logo.png\" class=\"attachment-full size-full wp-image-4192\" alt=\"\" \/>\t\t\t\t\t\t\t\t<\/a>\n\t\t\t\t\t\t\t\t\t\t\t\t\t\t\t<\/div>\n\t\t\t\t<\/div>\n\t\t\t\t<div class=\"elementor-element elementor-element-47bcf81 elementor-widget__width-initial elementor-widget elementor-widget-text-editor\" data-id=\"47bcf81\" data-element_type=\"widget\" data-e-type=\"widget\" data-widget_type=\"text-editor.default\">\n\t\t\t\t<div class=\"elementor-widget-container\">\n\t\t\t\t\t\t\t\t\t<p><strong>IGW <\/strong>IGW vous propose diff\u00e9rents certificats courts et sp\u00e9cifiques. Vous pouvez ainsi composer votre programme de formation individuel et choisir de suivre des modules en pr\u00e9sentiel ou d&rsquo;\u00e9tudier \u00e0 distance, confortablement install\u00e9 chez vous. Faites votre choix parmi les certificats suivants :  <\/p>\t\t\t\t\t\t\t\t<\/div>\n\t\t\t\t<\/div>\n\t\t\t\t<\/div>\n\t\t<div class=\"elementor-element elementor-element-76933e6 e-con-full e-flex e-con e-child\" data-id=\"76933e6\" data-element_type=\"container\" data-e-type=\"container\" data-settings=\"{&quot;jet_parallax_layout_list&quot;:[]}\">\n\t\t\t\t<div class=\"elementor-element elementor-element-f620214 elementor-invisible elementor-widget elementor-widget-image\" data-id=\"f620214\" data-element_type=\"widget\" data-e-type=\"widget\" data-settings=\"{&quot;_animation&quot;:&quot;fadeInDown&quot;}\" data-widget_type=\"image.default\">\n\t\t\t\t<div class=\"elementor-widget-container\">\n\t\t\t\t\t\t\t\t\t\t\t\t\t\t\t\t<a href=\"http:\/\/tsc.education\/\" target=\"_blank\">\n\t\t\t\t\t\t\t<img loading=\"lazy\" decoding=\"async\" width=\"300\" height=\"111\" src=\"https:\/\/mission.weiterdev.ch\/wp-content\/uploads\/2025\/07\/tsc_logo.png\" class=\"attachment-full size-full wp-image-4216\" alt=\"\" \/>\t\t\t\t\t\t\t\t<\/a>\n\t\t\t\t\t\t\t\t\t\t\t\t\t\t\t<\/div>\n\t\t\t\t<\/div>\n\t\t\t\t<div class=\"elementor-element elementor-element-e5eb697 elementor-widget__width-initial elementor-widget elementor-widget-text-editor\" data-id=\"e5eb697\" data-element_type=\"widget\" data-e-type=\"widget\" data-widget_type=\"text-editor.default\">\n\t\t\t\t<div class=\"elementor-widget-container\">\n\t\t\t\t\t\t\t\t\t<p><strong>Cours annuel tsc <\/strong>Vous voulez apprendre \u00e0 conna\u00eetre Dieu et \u00e0 vous conna\u00eetre encore mieux ? Et tu veux sortir pendant un certain temps, \u00eatre en route avec J\u00e9sus dans une communaut\u00e9 et acqu\u00e9rir ainsi une grande portion de connaissances ? Alors le cours annuel tsc est exactement ce qu&rsquo;il vous faut. Il s&rsquo;adresse aussi bien aux jeunes chr\u00e9tiens qu&rsquo;aux plus \u00e2g\u00e9s et est tout cela \u00e0 la fois : une \u00e9cole biblique ainsi qu&rsquo;une pause et une formation th\u00e9ologique.   <\/p>\t\t\t\t\t\t\t\t<\/div>\n\t\t\t\t<\/div>\n\t\t\t\t<\/div>\n\t\t\t\t<\/div>\n\t\t<div class=\"elementor-element elementor-element-2f62c4a e-con-full e-flex e-con e-child\" data-id=\"2f62c4a\" data-element_type=\"container\" data-e-type=\"container\" id=\"logo_2\" data-settings=\"{&quot;jet_parallax_layout_list&quot;:[]}\">\n\t\t<div class=\"elementor-element elementor-element-90a5019 e-con-full e-flex e-con e-child\" data-id=\"90a5019\" data-element_type=\"container\" data-e-type=\"container\" data-settings=\"{&quot;jet_parallax_layout_list&quot;:[]}\">\n\t\t<div class=\"elementor-element elementor-element-ae30222 e-con-full e-flex e-con e-child\" data-id=\"ae30222\" data-element_type=\"container\" data-e-type=\"container\" data-settings=\"{&quot;jet_parallax_layout_list&quot;:[]}\">\n\t\t\t\t<div class=\"elementor-element elementor-element-a845afe elementor-invisible elementor-widget elementor-widget-image\" data-id=\"a845afe\" data-element_type=\"widget\" data-e-type=\"widget\" data-settings=\"{&quot;_animation&quot;:&quot;fadeInDown&quot;}\" data-widget_type=\"image.default\">\n\t\t\t\t<div class=\"elementor-widget-container\">\n\t\t\t\t\t\t\t\t\t\t\t\t\t\t\t\t<a href=\"http:\/\/www.tdsaarau.ch\" target=\"_blank\">\n\t\t\t\t\t\t\t<img loading=\"lazy\" decoding=\"async\" width=\"300\" height=\"111\" src=\"https:\/\/mission.weiterdev.ch\/wp-content\/uploads\/2025\/07\/TDS_logo.png\" class=\"attachment-full size-full wp-image-4194\" alt=\"\" \/>\t\t\t\t\t\t\t\t<\/a>\n\t\t\t\t\t\t\t\t\t\t\t\t\t\t\t<\/div>\n\t\t\t\t<\/div>\n\t\t\t\t<div class=\"elementor-element elementor-element-f1c96b9 elementor-widget__width-initial elementor-widget elementor-widget-text-editor\" data-id=\"f1c96b9\" data-element_type=\"widget\" data-e-type=\"widget\" data-widget_type=\"text-editor.default\">\n\t\t\t\t<div class=\"elementor-widget-container\">\n\t\t\t\t\t\t\t\t\t<p><strong>TDS A <\/strong>arau Le TDS Aarau est une \u00e9cole sup\u00e9rieure sp\u00e9cialis\u00e9e dans l&rsquo;\u00c9glise, la diaconie et la mission, qui propose les formations suivantes : Formation dipl\u00f4mante \u00e0 plein temps et en cours d&#8217;emploi (4 ans chacune), formation \u00e0 temps partiel en cat\u00e9ch\u00e8se\/travail de jeunesse (3 ans), formation continue \u00e0 temps partiel en th\u00e9ologie\/mission (3 ans), \u00e9tudes postgrades Master of Arts in Pastoral Ministries, fr\u00e9quentation de certaines mati\u00e8res, cours du soir et du samedi.<\/p>\t\t\t\t\t\t\t\t<\/div>\n\t\t\t\t<\/div>\n\t\t\t\t<\/div>\n\t\t<div class=\"elementor-element elementor-element-c7626c9 e-con-full e-flex e-con e-child\" data-id=\"c7626c9\" data-element_type=\"container\" data-e-type=\"container\" data-settings=\"{&quot;jet_parallax_layout_list&quot;:[]}\">\n\t\t\t\t<div class=\"elementor-element elementor-element-1ac33f1 elementor-invisible elementor-widget elementor-widget-image\" data-id=\"1ac33f1\" data-element_type=\"widget\" data-e-type=\"widget\" data-settings=\"{&quot;_animation&quot;:&quot;fadeInDown&quot;}\" data-widget_type=\"image.default\">\n\t\t\t\t<div class=\"elementor-widget-container\">\n\t\t\t\t\t\t\t\t\t\t\t\t\t\t\t\t<a href=\"http:\/\/www.sthbasel.ch\" target=\"_blank\">\n\t\t\t\t\t\t\t<img loading=\"lazy\" decoding=\"async\" width=\"300\" height=\"111\" src=\"https:\/\/mission.weiterdev.ch\/wp-content\/uploads\/2025\/07\/STH_logo.png\" class=\"attachment-full size-full wp-image-4196\" alt=\"\" \/>\t\t\t\t\t\t\t\t<\/a>\n\t\t\t\t\t\t\t\t\t\t\t\t\t\t\t<\/div>\n\t\t\t\t<\/div>\n\t\t\t\t<div class=\"elementor-element elementor-element-0bf16ba elementor-widget__width-initial elementor-widget elementor-widget-text-editor\" data-id=\"0bf16ba\" data-element_type=\"widget\" data-e-type=\"widget\" data-widget_type=\"text-editor.default\">\n\t\t\t\t<div class=\"elementor-widget-container\">\n\t\t\t\t\t\t\t\t\t<p><strong>STH B\u00e2le <\/strong>Donner une vision globale des besoins spirituels du monde. Promouvoir la vie spirituelle sur la base des \u00c9critures. D\u00e9velopper et promouvoir les dons et les capacit\u00e9s des \u00e9tudiants en vue du service dans l&rsquo;\u00e9glise, l&rsquo;\u00e9vang\u00e9lisation, la mission et d&rsquo;autres activit\u00e9s.  <\/p>\t\t\t\t\t\t\t\t<\/div>\n\t\t\t\t<\/div>\n\t\t\t\t<\/div>\n\t\t\t\t<\/div>\n\t\t\t\t<\/div>\n\t\t<div class=\"elementor-element elementor-element-a307077 e-con-full e-flex e-con e-child\" data-id=\"a307077\" data-element_type=\"container\" data-e-type=\"container\" id=\"logo_3\" data-settings=\"{&quot;jet_parallax_layout_list&quot;:[]}\">\n\t\t<div class=\"elementor-element elementor-element-b4ff9fa e-con-full e-flex e-con e-child\" data-id=\"b4ff9fa\" data-element_type=\"container\" data-e-type=\"container\" data-settings=\"{&quot;jet_parallax_layout_list&quot;:[]}\">\n\t\t<div class=\"elementor-element elementor-element-7bc524d e-con-full e-flex e-con e-child\" data-id=\"7bc524d\" data-element_type=\"container\" data-e-type=\"container\" data-settings=\"{&quot;jet_parallax_layout_list&quot;:[]}\">\n\t\t\t\t<div class=\"elementor-element elementor-element-4fb52f0 elementor-invisible elementor-widget elementor-widget-image\" data-id=\"4fb52f0\" data-element_type=\"widget\" data-e-type=\"widget\" data-settings=\"{&quot;_animation&quot;:&quot;fadeInDown&quot;}\" data-widget_type=\"image.default\">\n\t\t\t\t<div class=\"elementor-widget-container\">\n\t\t\t\t\t\t\t\t\t\t\t\t\t\t\t\t<a href=\"https:\/\/sbt.education\/SGE\" target=\"_blank\">\n\t\t\t\t\t\t\t<img loading=\"lazy\" decoding=\"async\" width=\"300\" height=\"111\" src=\"https:\/\/mission.weiterdev.ch\/wp-content\/uploads\/2025\/07\/sbt_logo.png\" class=\"attachment-full size-full wp-image-4218\" alt=\"\" \/>\t\t\t\t\t\t\t\t<\/a>\n\t\t\t\t\t\t\t\t\t\t\t\t\t\t\t<\/div>\n\t\t\t\t<\/div>\n\t\t\t\t<div class=\"elementor-element elementor-element-7a498c9 elementor-widget__width-initial elementor-widget elementor-widget-text-editor\" data-id=\"7a498c9\" data-element_type=\"widget\" data-e-type=\"widget\" data-widget_type=\"text-editor.default\">\n\t\t\t\t<div class=\"elementor-widget-container\">\n\t\t\t\t\t\t\t\t\t<p><strong>Vous voulez donner une base solide \u00e0 votre christianisme ?<\/strong><br>Alors le programme d&rsquo;\u00e9tudes <i>D\u00e9couvrir la foi (SGE)<\/i> au sbt Beatenberg est id\u00e9al pour votre ann\u00e9e interm\u00e9diaire !<\/p><p><strong>Ce qui vous attend<\/strong><\/p><ul><li>\u00c9tude biblique intensive<\/li><li>Approfondir la foi<\/li><li>Vivre la communaut\u00e9<\/li><li>D\u00e9couvrir les dons<\/li><li>Reconna\u00eetre la direction de Dieu<\/li><li>Collaboration pratique - en Suisse et \u00e0 l&rsquo;\u00e9tranger<\/li><\/ul><p>Recevez des connaissances bibliques, grandissez personnellement et d\u00e9couvrez votre vocation.<\/p>\t\t\t\t\t\t\t\t<\/div>\n\t\t\t\t<\/div>\n\t\t\t\t<\/div>\n\t\t<div class=\"elementor-element elementor-element-253f0e1 e-con-full e-flex e-con e-child\" data-id=\"253f0e1\" data-element_type=\"container\" data-e-type=\"container\" data-settings=\"{&quot;jet_parallax_layout_list&quot;:[]}\">\n\t\t\t\t<div class=\"elementor-element elementor-element-fc557d3 elementor-invisible elementor-widget elementor-widget-image\" data-id=\"fc557d3\" data-element_type=\"widget\" data-e-type=\"widget\" data-settings=\"{&quot;_animation&quot;:&quot;fadeInDown&quot;}\" data-widget_type=\"image.default\">\n\t\t\t\t<div class=\"elementor-widget-container\">\n\t\t\t\t\t\t\t\t\t\t\t\t\t\t\t\t<a href=\"https:\/\/www.istl.net\/studienangebote\/jahresprogramm\/\" target=\"_blank\">\n\t\t\t\t\t\t\t<img loading=\"lazy\" decoding=\"async\" width=\"300\" height=\"111\" src=\"https:\/\/mission.weiterdev.ch\/wp-content\/uploads\/2025\/07\/ISTL-2.png\" class=\"attachment-full size-full wp-image-4214\" alt=\"\" \/>\t\t\t\t\t\t\t\t<\/a>\n\t\t\t\t\t\t\t\t\t\t\t\t\t\t\t<\/div>\n\t\t\t\t<\/div>\n\t\t\t\t<div class=\"elementor-element elementor-element-7a1b1b4 elementor-widget__width-initial elementor-widget elementor-widget-text-editor\" data-id=\"7a1b1b4\" data-element_type=\"widget\" data-e-type=\"widget\" data-widget_type=\"text-editor.default\">\n\t\t\t\t<div class=\"elementor-widget-container\">\n\t\t\t\t\t\t\t\t\t<p><strong>Ann\u00e9e de vocation ISTL <\/strong>Le programme annuel \u00e0 l&rsquo;ISTL \u00e0 Zurich (CH), Spiez (CH) et Fribourg (D) fournit une base solide en th\u00e9ologie, Bible et leadership. Cette ann\u00e9e est id\u00e9ale pour les jeunes qui sont en train de clarifier leur vocation et qui envisagent de se lancer dans le minist\u00e8re \u00e0 plein temps. <\/p>\t\t\t\t\t\t\t\t<\/div>\n\t\t\t\t<\/div>\n\t\t\t\t<\/div>\n\t\t\t\t<\/div>\n\t\t\t\t<\/div>\n\t\t\t\t<div class=\"elementor-element elementor-element-986465b elementor-widget elementor-widget-jet-view-more\" data-id=\"986465b\" data-element_type=\"widget\" data-e-type=\"widget\" data-widget_type=\"jet-view-more.default\">\n\t\t\t\t<div class=\"elementor-widget-container\">\n\t\t\t\t\t<div class=\"jet-view-more\" data-settings=\"{&quot;effect&quot;:&quot;fall-perspective&quot;,&quot;hide_effect&quot;:&quot;move-down&quot;,&quot;sections&quot;:{&quot;3dab0bf&quot;:&quot;logo_2&quot;,&quot;8455dd9&quot;:&quot;logo_3&quot;},&quot;showall&quot;:false,&quot;read_less&quot;:true,&quot;read_more_label&quot;:&quot;VOIR PLUS&quot;,&quot;read_more_icon&quot;:{&quot;value&quot;:&quot;&quot;,&quot;library&quot;:&quot;&quot;},&quot;read_less_label&quot;:&quot;WENIGER SEHEN&quot;,&quot;read_less_icon&quot;:{&quot;value&quot;:&quot;&quot;,&quot;library&quot;:&quot;&quot;},&quot;hide_all&quot;:true}\"><div class=\"jet-view-more__button\" role=\"button\" tabindex=\"0\"><div class=\"jet-view-more__label\">VOIR PLUS<\/div><\/div><\/div>\t\t\t\t<\/div>\n\t\t\t\t<\/div>\n\t\t\t\t\t<\/div>\n\t\t\t\t<\/div>\n\t\t<div class=\"elementor-element elementor-element-5755e28 e-flex e-con-boxed e-con e-parent\" data-id=\"5755e28\" data-element_type=\"container\" data-e-type=\"container\" id=\"weiterbildung\" data-settings=\"{&quot;jet_parallax_layout_list&quot;:[]}\">\n\t\t\t\t\t<div class=\"e-con-inner\">\n\t\t\t\t<div class=\"elementor-element elementor-element-5780804 sub-title elementor-widget elementor-widget-heading\" data-id=\"5780804\" data-element_type=\"widget\" data-e-type=\"widget\" data-widget_type=\"heading.default\">\n\t\t\t\t<div class=\"elementor-widget-container\">\n\t\t\t\t\t<h2 class=\"elementor-heading-title elementor-size-default\">FORMATION CONTINUE<\/h2>\t\t\t\t<\/div>\n\t\t\t\t<\/div>\n\t\t<div class=\"elementor-element elementor-element-76c2d83 e-con-full e-flex e-con e-child\" data-id=\"76c2d83\" data-element_type=\"container\" data-e-type=\"container\" data-settings=\"{&quot;jet_parallax_layout_list&quot;:[]}\">\n\t\t<div class=\"elementor-element elementor-element-46a2493 e-con-full e-flex e-con e-child\" data-id=\"46a2493\" data-element_type=\"container\" data-e-type=\"container\" data-settings=\"{&quot;jet_parallax_layout_list&quot;:[]}\">\n\t\t<div class=\"elementor-element elementor-element-44978fa e-con-full e-flex e-con e-child\" data-id=\"44978fa\" data-element_type=\"container\" data-e-type=\"container\" id=\"wei_1\" data-settings=\"{&quot;jet_parallax_layout_list&quot;:[]}\">\n\t\t<div class=\"elementor-element elementor-element-91b392c e-con-full e-flex e-con e-child\" data-id=\"91b392c\" data-element_type=\"container\" data-e-type=\"container\" data-settings=\"{&quot;jet_parallax_layout_list&quot;:[]}\">\n\t\t\t\t<div class=\"elementor-element elementor-element-6684023 elementor-invisible elementor-widget elementor-widget-image\" data-id=\"6684023\" data-element_type=\"widget\" data-e-type=\"widget\" data-settings=\"{&quot;_animation&quot;:&quot;fadeInDown&quot;}\" data-widget_type=\"image.default\">\n\t\t\t\t<div class=\"elementor-widget-container\">\n\t\t\t\t\t\t\t\t\t\t\t\t\t\t\t\t<a href=\"http:\/\/www.bienenberg.ch\/\" target=\"_blank\">\n\t\t\t\t\t\t\t<img loading=\"lazy\" decoding=\"async\" width=\"300\" height=\"111\" src=\"https:\/\/mission.weiterdev.ch\/wp-content\/uploads\/2025\/07\/bienenberg_logo.png\" class=\"attachment-full size-full wp-image-4198\" alt=\"\" \/>\t\t\t\t\t\t\t\t<\/a>\n\t\t\t\t\t\t\t\t\t\t\t\t\t\t\t<\/div>\n\t\t\t\t<\/div>\n\t\t\t\t<div class=\"elementor-element elementor-element-b3635ac elementor-widget__width-initial elementor-widget elementor-widget-text-editor\" data-id=\"b3635ac\" data-element_type=\"widget\" data-e-type=\"widget\" data-widget_type=\"text-editor.default\">\n\t\t\t\t<div class=\"elementor-widget-container\">\n\t\t\t\t\t\t\t\t\t<p><strong>Heartbeat - votre formation flexible de disciple<\/strong><br>Accompagnez votre quotidien d&rsquo;une croissance spirituelle - en cours d&#8217;emploi et proche de la vie.<\/p><p><strong>Pourquoi Heartbeat ?<\/strong><\/p><ul><li>D\u00e9marrage flexible : d\u00e9but 4x par an<\/li><li>Grandir gr\u00e2ce \u00e0 des p\u00e9riodes d&rsquo;entra\u00eenement intensif<\/li><li>Appliquez directement ce que vous avez appris dans votre vie quotidienne<p>D\u00e9couvrez les battements de c\u0153ur de Dieu pour votre vie - pratiques, stimulants et transformateurs.<\/p><\/li><\/ul>\t\t\t\t\t\t\t\t<\/div>\n\t\t\t\t<\/div>\n\t\t\t\t<\/div>\n\t\t<div class=\"elementor-element elementor-element-431fbd7 e-con-full e-flex e-con e-child\" data-id=\"431fbd7\" data-element_type=\"container\" data-e-type=\"container\" data-settings=\"{&quot;jet_parallax_layout_list&quot;:[]}\">\n\t\t\t\t<div class=\"elementor-element elementor-element-7986ad9 elementor-invisible elementor-widget elementor-widget-image\" data-id=\"7986ad9\" data-element_type=\"widget\" data-e-type=\"widget\" data-settings=\"{&quot;_animation&quot;:&quot;fadeInDown&quot;}\" data-widget_type=\"image.default\">\n\t\t\t\t<div class=\"elementor-widget-container\">\n\t\t\t\t\t\t\t\t\t\t\t\t\t\t\t\t<a href=\"#\" target=\"_blank\">\n\t\t\t\t\t\t\t<img loading=\"lazy\" decoding=\"async\" width=\"301\" height=\"111\" src=\"https:\/\/mission.weiterdev.ch\/wp-content\/uploads\/2025\/07\/prisma_logo-1.png\" class=\"attachment-full size-full wp-image-4200\" alt=\"\" \/>\t\t\t\t\t\t\t\t<\/a>\n\t\t\t\t\t\t\t\t\t\t\t\t\t\t\t<\/div>\n\t\t\t\t<\/div>\n\t\t\t\t<div class=\"elementor-element elementor-element-777b506 elementor-widget__width-initial elementor-widget elementor-widget-text-editor\" data-id=\"777b506\" data-element_type=\"widget\" data-e-type=\"widget\" data-widget_type=\"text-editor.default\">\n\t\t\t\t<div class=\"elementor-widget-container\">\n\t\t\t\t\t\t\t\t\t<p><strong>Prisma Ac <\/strong>ademy \u00ab\u00a0La Prisma Academy est l&rsquo;\u00e9cole de disciples\/\u00e9cole biblique\/\u00e9cole de leadership \u00e0 plein temps d&rsquo;un an de Prisma \u00e0 Rapperswil pour tous ceux qui veulent aller plus loin.<\/p><p>Notre devise : bouger pour bouger.<\/p><p>Notre objectif : VIVRE, ENSEIGNER, G\u00c9RER<\/p><p>Notre caract\u00e9ristique : de la pratique pour la pratique - au c\u0153ur d&rsquo;une \u00e9glise locale vibrante\u00a0\u00bb.<\/p>\t\t\t\t\t\t\t\t<\/div>\n\t\t\t\t<\/div>\n\t\t\t\t<\/div>\n\t\t\t\t<\/div>\n\t\t<div class=\"elementor-element elementor-element-c909992 e-con-full e-flex e-con e-child\" data-id=\"c909992\" data-element_type=\"container\" data-e-type=\"container\" id=\"wei_2\" data-settings=\"{&quot;jet_parallax_layout_list&quot;:[]}\">\n\t\t<div class=\"elementor-element elementor-element-eeedd7d e-con-full e-flex e-con e-child\" data-id=\"eeedd7d\" data-element_type=\"container\" data-e-type=\"container\" data-settings=\"{&quot;jet_parallax_layout_list&quot;:[]}\">\n\t\t\t\t<div class=\"elementor-element elementor-element-1a7f533 elementor-invisible elementor-widget elementor-widget-image\" data-id=\"1a7f533\" data-element_type=\"widget\" data-e-type=\"widget\" data-settings=\"{&quot;_animation&quot;:&quot;fadeInDown&quot;}\" data-widget_type=\"image.default\">\n\t\t\t\t<div class=\"elementor-widget-container\">\n\t\t\t\t\t\t\t\t\t\t\t\t\t\t\t\t<a href=\"#\" target=\"_blank\">\n\t\t\t\t\t\t\t<img loading=\"lazy\" decoding=\"async\" width=\"300\" height=\"111\" src=\"https:\/\/mission.weiterdev.ch\/wp-content\/uploads\/2025\/07\/ITW_logo-1.png\" class=\"attachment-full size-full wp-image-4202\" alt=\"\" \/>\t\t\t\t\t\t\t\t<\/a>\n\t\t\t\t\t\t\t\t\t\t\t\t\t\t\t<\/div>\n\t\t\t\t<\/div>\n\t\t\t\t<div class=\"elementor-element elementor-element-443a89d elementor-widget__width-inherit elementor-widget elementor-widget-text-editor\" data-id=\"443a89d\" data-element_type=\"widget\" data-e-type=\"widget\" data-widget_type=\"text-editor.default\">\n\t\t\t\t<div class=\"elementor-widget-container\">\n\t\t\t\t\t\t\t\t\t<p><strong>Confession <\/strong>\u00c9cole annuelle d&rsquo;\u00e9vang\u00e9lisation en cours d&#8217;emploi.<\/p>\t\t\t\t\t\t\t\t<\/div>\n\t\t\t\t<\/div>\n\t\t\t\t<\/div>\n\t\t<div class=\"elementor-element elementor-element-849498c e-con-full e-flex e-con e-child\" data-id=\"849498c\" data-element_type=\"container\" data-e-type=\"container\" data-settings=\"{&quot;jet_parallax_layout_list&quot;:[]}\">\n\t\t\t\t<div class=\"elementor-element elementor-element-4f682de elementor-invisible elementor-widget elementor-widget-image\" data-id=\"4f682de\" data-element_type=\"widget\" data-e-type=\"widget\" data-settings=\"{&quot;_animation&quot;:&quot;fadeInDown&quot;}\" data-widget_type=\"image.default\">\n\t\t\t\t<div class=\"elementor-widget-container\">\n\t\t\t\t\t\t\t\t\t\t\t\t\t\t\t\t<a href=\"https:\/\/www.bc-sg.ch\/index.html\" target=\"_blank\">\n\t\t\t\t\t\t\t<img loading=\"lazy\" decoding=\"async\" width=\"300\" height=\"111\" src=\"https:\/\/mission.weiterdev.ch\/wp-content\/uploads\/2025\/07\/bible_college.png\" class=\"attachment-full size-full wp-image-4204\" alt=\"\" \/>\t\t\t\t\t\t\t\t<\/a>\n\t\t\t\t\t\t\t\t\t\t\t\t\t\t\t<\/div>\n\t\t\t\t<\/div>\n\t\t\t\t<div class=\"elementor-element elementor-element-a9bad54 elementor-widget__width-initial elementor-widget elementor-widget-text-editor\" data-id=\"a9bad54\" data-element_type=\"widget\" data-e-type=\"widget\" data-widget_type=\"text-editor.default\">\n\t\t\t\t<div class=\"elementor-widget-container\">\n\t\t\t\t\t\t\t\t\t<p><strong>Bible College St. Gallen <\/strong>Le BIBLE COLLEGE ST. GALLEN est une initiative de l&rsquo;Alliance \u00e9vang\u00e9lique de SG. Il a pour but de renforcer la foi de tous les participants actifs des \u00e9glises et de promouvoir la connaissance biblique et les comp\u00e9tences pertinentes pour la pratique. Sur un cycle de trois ans, des modules librement suivis sont propos\u00e9s dans les domaines de la connaissance biblique, de la th\u00e9ologie pratique et de la pratique communautaire.  <\/p>\t\t\t\t\t\t\t\t<\/div>\n\t\t\t\t<\/div>\n\t\t\t\t<\/div>\n\t\t\t\t<\/div>\n\t\t<div class=\"elementor-element elementor-element-e2232a4 e-con-full e-flex e-con e-child\" data-id=\"e2232a4\" data-element_type=\"container\" data-e-type=\"container\" id=\"wei_3\" data-settings=\"{&quot;jet_parallax_layout_list&quot;:[]}\">\n\t\t<div class=\"elementor-element elementor-element-3985bea e-con-full e-flex e-con e-child\" data-id=\"3985bea\" data-element_type=\"container\" data-e-type=\"container\" data-settings=\"{&quot;jet_parallax_layout_list&quot;:[]}\">\n\t\t\t\t<div class=\"elementor-element elementor-element-b6c8e0c elementor-invisible elementor-widget elementor-widget-image\" data-id=\"b6c8e0c\" data-element_type=\"widget\" data-e-type=\"widget\" data-settings=\"{&quot;_animation&quot;:&quot;fadeInDown&quot;}\" data-widget_type=\"image.default\">\n\t\t\t\t<div class=\"elementor-widget-container\">\n\t\t\t\t\t\t\t\t\t\t\t\t\t\t\t\t<a href=\"https:\/\/jmemwiler.ch\/de\/schulen\/dbs\/\" target=\"_blank\">\n\t\t\t\t\t\t\t<img loading=\"lazy\" decoding=\"async\" width=\"300\" height=\"111\" src=\"https:\/\/mission.weiterdev.ch\/wp-content\/uploads\/2025\/07\/ywam_wiler.png\" class=\"attachment-full size-full wp-image-4206\" alt=\"\" \/>\t\t\t\t\t\t\t\t<\/a>\n\t\t\t\t\t\t\t\t\t\t\t\t\t\t\t<\/div>\n\t\t\t\t<\/div>\n\t\t\t\t<div class=\"elementor-element elementor-element-26bbf9d elementor-widget__width-initial elementor-widget elementor-widget-text-editor\" data-id=\"26bbf9d\" data-element_type=\"widget\" data-e-type=\"widget\" data-widget_type=\"text-editor.default\">\n\t\t\t\t<div class=\"elementor-widget-container\">\n\t\t\t\t\t\t\t\t\t<p><strong>\u00c9cole d&rsquo;\u00e9tudes bibliques (EBS <\/strong>) Nous voulons aider les chr\u00e9tiens \u00e0 \u00e9tudier la Bible et \u00e0 en tirer tout ce qu&rsquo;elle contient ! Traversez les 66 livres en 9 mois ! Cours de l'\u00a0\u00bbUniversity of the Nations\u00a0\u00bb.  <\/p>\t\t\t\t\t\t\t\t<\/div>\n\t\t\t\t<\/div>\n\t\t\t\t<\/div>\n\t\t<div class=\"elementor-element elementor-element-ccc5436 e-con-full e-flex e-con e-child\" data-id=\"ccc5436\" data-element_type=\"container\" data-e-type=\"container\" data-settings=\"{&quot;jet_parallax_layout_list&quot;:[]}\">\n\t\t\t\t<div class=\"elementor-element elementor-element-bf35355 elementor-invisible elementor-widget elementor-widget-image\" data-id=\"bf35355\" data-element_type=\"widget\" data-e-type=\"widget\" data-settings=\"{&quot;_animation&quot;:&quot;fadeInDown&quot;}\" data-widget_type=\"image.default\">\n\t\t\t\t<div class=\"elementor-widget-container\">\n\t\t\t\t\t\t\t\t\t\t\t\t\t\t\t\t<a href=\"https:\/\/www.allnations.ac.uk\/\" target=\"_blank\">\n\t\t\t\t\t\t\t<img loading=\"lazy\" decoding=\"async\" width=\"300\" height=\"111\" src=\"https:\/\/mission.weiterdev.ch\/wp-content\/uploads\/2025\/07\/allnations_logo-1.png\" class=\"attachment-full size-full wp-image-4208\" alt=\"\" \/>\t\t\t\t\t\t\t\t<\/a>\n\t\t\t\t\t\t\t\t\t\t\t\t\t\t\t<\/div>\n\t\t\t\t<\/div>\n\t\t\t\t<div class=\"elementor-element elementor-element-b649703 elementor-widget__width-initial elementor-widget elementor-widget-text-editor\" data-id=\"b649703\" data-element_type=\"widget\" data-e-type=\"widget\" data-widget_type=\"text-editor.default\">\n\t\t\t\t<div class=\"elementor-widget-container\">\n\t\t\t\t\t\t\t\t\t<p><strong>Allnations - training for mission <\/strong>Allnations est un coll\u00e8ge de formation \u00e0 la mission interd\u00e9nominationnel, \u00e9vang\u00e9lique et ind\u00e9pendant. Le but d&rsquo;allnations est de former des \u00e9tudiants \u00e0 la mission interculturelle. Aujourd&rsquo;hui, allnations est le plus grand coll\u00e8ge de ce type en Europe et accueille des \u00e9tudiants et leurs familles de partout dans le monde.  <\/p>\t\t\t\t\t\t\t\t<\/div>\n\t\t\t\t<\/div>\n\t\t\t\t<\/div>\n\t\t\t\t<\/div>\n\t\t\t\t<\/div>\n\t\t\t\t<\/div>\n\t\t\t\t<div class=\"elementor-element elementor-element-285e7a2 elementor-widget elementor-widget-jet-view-more\" data-id=\"285e7a2\" data-element_type=\"widget\" data-e-type=\"widget\" data-widget_type=\"jet-view-more.default\">\n\t\t\t\t<div class=\"elementor-widget-container\">\n\t\t\t\t\t<div class=\"jet-view-more\" data-settings=\"{&quot;effect&quot;:&quot;fall-perspective&quot;,&quot;hide_effect&quot;:&quot;move-down&quot;,&quot;sections&quot;:{&quot;3dab0bf&quot;:&quot;wei_2&quot;,&quot;8455dd9&quot;:&quot;wei_3&quot;},&quot;showall&quot;:false,&quot;read_less&quot;:true,&quot;read_more_label&quot;:&quot;VOIR PLUS&quot;,&quot;read_more_icon&quot;:{&quot;value&quot;:&quot;&quot;,&quot;library&quot;:&quot;&quot;},&quot;read_less_label&quot;:&quot;WENIGER SEHEN&quot;,&quot;read_less_icon&quot;:{&quot;value&quot;:&quot;&quot;,&quot;library&quot;:&quot;&quot;},&quot;hide_all&quot;:true}\"><div class=\"jet-view-more__button\" role=\"button\" tabindex=\"0\"><div class=\"jet-view-more__label\">VOIR PLUS<\/div><\/div><\/div>\t\t\t\t<\/div>\n\t\t\t\t<\/div>\n\t\t\t\t\t<\/div>\n\t\t\t\t<\/div>\n\t\t<div class=\"elementor-element elementor-element-2882644 e-flex e-con-boxed e-con e-parent\" data-id=\"2882644\" data-element_type=\"container\" data-e-type=\"container\" id=\"awm\" data-settings=\"{&quot;background_background&quot;:&quot;classic&quot;,&quot;jet_parallax_layout_list&quot;:[]}\">\n\t\t\t\t\t<div class=\"e-con-inner\">\n\t\t\t\t<div class=\"elementor-element elementor-element-d3f797b sub-title elementor-widget elementor-widget-heading\" data-id=\"d3f797b\" data-element_type=\"widget\" data-e-type=\"widget\" data-widget_type=\"heading.default\">\n\t\t\t\t<div class=\"elementor-widget-container\">\n\t\t\t\t\t<h2 class=\"elementor-heading-title elementor-size-default\">AWM<\/h2>\t\t\t\t<\/div>\n\t\t\t\t<\/div>\n\t\t\t\t<div class=\"elementor-element elementor-element-44b203c elementor-widget elementor-widget-image\" data-id=\"44b203c\" data-element_type=\"widget\" data-e-type=\"widget\" data-widget_type=\"image.default\">\n\t\t\t\t<div class=\"elementor-widget-container\">\n\t\t\t\t\t\t\t\t\t\t\t\t\t\t\t<img loading=\"lazy\" decoding=\"async\" width=\"300\" height=\"154\" src=\"https:\/\/mission.weiterdev.ch\/wp-content\/uploads\/2025\/12\/AWM-Logo-768x393-1-300x154.png\" class=\"attachment-medium size-medium wp-image-4860\" alt=\"\" srcset=\"https:\/\/mission.weiterdev.ch\/wp-content\/uploads\/2025\/12\/AWM-Logo-768x393-1-300x154.png 300w, https:\/\/mission.weiterdev.ch\/wp-content\/uploads\/2025\/12\/AWM-Logo-768x393-1.png 768w\" sizes=\"auto, (max-width: 300px) 100vw, 300px\" \/>\t\t\t\t\t\t\t\t\t\t\t\t\t\t\t<\/div>\n\t\t\t\t<\/div>\n\t\t\t\t<div class=\"elementor-element elementor-element-2954c54 elementor-widget__width-initial elementor-widget elementor-widget-text-editor\" data-id=\"2954c54\" data-element_type=\"widget\" data-e-type=\"widget\" data-widget_type=\"text-editor.default\">\n\t\t\t\t<div class=\"elementor-widget-container\">\n\t\t\t\t\t\t\t\t\t<p><span dir=\"auto\" style=\"vertical-align: inherit;\"><span dir=\"auto\" style=\"vertical-align: inherit;\">AWM  <\/span><span dir=\"auto\" style=\"vertical-align: inherit;\">gGmbH se consid\u00e8re comme une universit\u00e9\/acad\u00e9mie \u00e9vang\u00e9lique pour la mission mondiale, bas\u00e9e sur les principes de l&rsquo;Alliance \u00e9vang\u00e9lique et des Documents de Lausanne. Depuis la fin des ann\u00e9es 1970, son centre d&rsquo;\u00e9tudes a propos\u00e9 une formation th\u00e9ologique interculturelle pour le minist\u00e8re mondial parmi les nations.   <\/span><\/span><a href=\"https:\/\/www.awm-korntal.eu\/\"><span dir=\"auto\" style=\"vertical-align: inherit;\"><span dir=\"auto\" style=\"vertical-align: inherit;\">.<\/span><\/span><\/a><\/p><p><span dir=\"auto\" style=\"vertical-align: inherit;\"><span dir=\"auto\" style=\"vertical-align: inherit;\">Les actionnaires sont les deux organisations parapluies, l&rsquo;Association des Missions Evang\u00e9liques (Allemagne) et l&rsquo;Association des Missions Evang\u00e9liques (Suisse), et l&rsquo;Eglise Evang\u00e9lique Brethren de Korntal. Toutefois, la   <\/span><\/span><a href=\"https:\/\/www.awm-korntal.eu\/\"><span dir=\"auto\" style=\"vertical-align: inherit;\"><span dir=\"auto\" style=\"vertical-align: inherit;\">AWM<\/span><\/span><\/a><span dir=\"auto\" style=\"vertical-align: inherit;\"><span dir=\"auto\" style=\"vertical-align: inherit;\">  Les programmes \u00e9ducatifs sont \u00e9galement accessibles aux non-membres. Ils sont soutenus par environ 160 soci\u00e9t\u00e9s missionnaires et ONG avec des \u00e9tudiants de toute l&rsquo;Europe germanophone. <\/span><\/span><\/p><p><span dir=\"auto\" style=\"vertical-align: inherit;\"><span dir=\"auto\" style=\"vertical-align: inherit;\">En tant que partenaire de l&rsquo;Universit\u00e9 internationale de Columbia, aux \u00c9tats-Unis (depuis 1984), un programme d&rsquo;\u00e9tudes au sein du syst\u00e8me \u00e9ducatif nord-am\u00e9ricain est propos\u00e9 au niveau universitaire. Une licence ou une formation professionnelle \u00e9quivalente est requise \u00e0 l&rsquo;entr\u00e9e. The Master of Arts (MA) degree, as a specialized theological degree, and the Master of Divinity (MDiv), as a comprehensive, practical-oriented training for full-time ministry in leadership positions, are valuable for ministry.  <\/span><\/span><\/p><p><span dir=\"auto\" style=\"vertical-align: inherit;\"><span dir=\"auto\" style=\"vertical-align: inherit;\">D&rsquo;autres mod\u00e8les de d\u00e9veloppement professionnel avec un accent interculturel sont en cours de d\u00e9veloppement \u00e0 la lumi\u00e8re des conditions d&rsquo;un syst\u00e8me \u00e9ducatif mondialis\u00e9. Dans le cadre du CIU Korntal, qui a \u00e9t\u00e9 cr\u00e9\u00e9 \u00e0 cette fin, le   <\/span><\/span><a href=\"https:\/\/www.awm-korntal.eu\/\"><span dir=\"auto\" style=\"vertical-align: inherit;\"><span dir=\"auto\" style=\"vertical-align: inherit;\">AWM<\/span><\/span><\/a><span dir=\"auto\" style=\"vertical-align: inherit;\"><span dir=\"auto\" style=\"vertical-align: inherit;\"> offre, par exemple, des programmes doctoraux tels que le Doctor of Ministry (DMin) et le Doctor of Philosophy (PhD), ce dernier visant principalement \u00e0 combler les lacunes et \u00e0 fournir des qualifications dans le domaine de la formation th\u00e9ologique interculturelle.<\/span><\/span><\/p><p><span dir=\"auto\" style=\"vertical-align: inherit;\"><span dir=\"auto\" style=\"vertical-align: inherit;\">De plus, dans le cadre du programme d&rsquo;\u00e9tudes, il y a un programme populaire <\/span><\/span><a href=\"https:\/\/www.awm-korntal.eu\/page\/seminare_weiterbildungen.html\" target=\"_blank\" rel=\"noopener noreferrer\"><span dir=\"auto\" style=\"vertical-align: inherit;\"><span dir=\"auto\" style=\"vertical-align: inherit;\">programme de s\u00e9minaires<\/span><\/span><\/a><span dir=\"auto\" style=\"vertical-align: inherit;\"><span dir=\"auto\" style=\"vertical-align: inherit;\"> qui comprend des cours de d\u00e9veloppement professionnel individuel, tels que la formation pour devenir un \u00ab\u00a0coach interculturel\u00a0\u00bb et un \u00ab\u00a0facilitateur d&rsquo;int\u00e9gration\u00a0\u00bb. Pour les managers, il existe un programme de formation pour devenir un \u00ab\u00a0d\u00e9veloppeur organisationnel syst\u00e9mique\u00a0\u00bb.<\/span><\/span><\/p><p><span dir=\"auto\" style=\"vertical-align: inherit;\"><span dir=\"auto\" style=\"vertical-align: inherit;\">L&rsquo;Institut europ\u00e9en pour la migration, l&rsquo;int\u00e9gration et les questions islamiques a \u00e9t\u00e9 fond\u00e9 en 2013.<\/span><\/span><\/p><p><span dir=\"auto\" style=\"vertical-align: inherit;\"><span dir=\"auto\" style=\"vertical-align: inherit;\">Les principaux domaines de contenu sont exprim\u00e9s par le biais du <\/span><\/span><a href=\"https:\/\/www.awm-korntal.eu\/\"><span dir=\"auto\" style=\"vertical-align: inherit;\"><span dir=\"auto\" style=\"vertical-align: inherit;\">AWM<\/span><\/span><\/a><span dir=\"auto\" style=\"vertical-align: inherit;\"><span dir=\"auto\" style=\"vertical-align: inherit;\"> la d\u00e9claration de mission et la conception de l&rsquo;\u00e9ducation.<\/span><\/span><\/p><p><strong><span dir=\"auto\" style=\"vertical-align: inherit;\"><span dir=\"auto\" style=\"vertical-align: inherit;\">Mission :<\/span><\/span><\/strong><br><span dir=\"auto\" style=\"vertical-align: inherit;\"><span dir=\"auto\" style=\"vertical-align: inherit;\"> The <\/span><\/span><a href=\"https:\/\/www.awm-korntal.eu\/\"><span dir=\"auto\" style=\"vertical-align: inherit;\"><span dir=\"auto\" style=\"vertical-align: inherit;\">AWM<\/span><\/span><\/a><span dir=\"auto\" style=\"vertical-align: inherit;\"><span dir=\"auto\" style=\"vertical-align: inherit;\"> (Academy for World Mission) donne aux chr\u00e9tiens le pouvoir de d\u00e9velopper des comp\u00e9tences interculturelles et th\u00e9ologiques afin de vivre l&rsquo;Evangile de Dieu de mani\u00e8re cr\u00e9dible dans un monde multiculturel.<\/span><\/span><\/p><p><strong><span dir=\"auto\" style=\"vertical-align: inherit;\"><span dir=\"auto\" style=\"vertical-align: inherit;\">Notre conception de l&rsquo;\u00e9ducation :<\/span><\/span><\/strong><br><span dir=\"auto\" style=\"vertical-align: inherit;\"><span dir=\"auto\" style=\"vertical-align: inherit;\">  Nous d\u00e9fendons une compr\u00e9hension globale du \u00ab\u00a0d\u00e9veloppement humain\u00a0\u00bb bas\u00e9e sur une vision chr\u00e9tienne de l&rsquo;humanit\u00e9. Nous donnons du pouvoir aux gens. <\/span><\/span><\/p><ul><li><span dir=\"auto\" style=\"vertical-align: inherit;\"><span dir=\"auto\" style=\"vertical-align: inherit;\">to treat others with sensitivity and respect<\/span><\/span><\/li><li><span dir=\"auto\" style=\"vertical-align: inherit;\"><span dir=\"auto\" style=\"vertical-align: inherit;\">de r\u00e9fl\u00e9chir de mani\u00e8re critique sur soi-m\u00eame et sur le contexte dans lequel on se trouve<\/span><\/span><\/li><li><span dir=\"auto\" style=\"vertical-align: inherit;\"><span dir=\"auto\" style=\"vertical-align: inherit;\">to work in a theologically sound and professionally competent mode<\/span><\/span><\/li><li><span dir=\"auto\" style=\"vertical-align: inherit;\"><span dir=\"auto\" style=\"vertical-align: inherit;\">d&rsquo;approfondir activement leur spiritualit\u00e9 chr\u00e9tienne<\/span><\/span><\/li><\/ul><p><span data-teams=\"true\"><a id=\"menur3q5\" class=\"fui-Link ___1q1shib f2hkw1w f3rmtva f1ewtqcl fyind8e f1k6fduh f1w7gpdv fk6fouc fjoy568 figsok6 f1s184ao f1mk8lai fnbmjn9 f1o700av f13mvf36 f1cmlufx f9n3di6 f1ids18y f1tx3yz7 f1deo86v f1eh06m1 f1iescvh fhgqx19 f1olyrje f1p93eir f1nev41a f1h8hb77 f1lqvz6u f10aw75t fsle3fq f17ae5zn\" title=\"https:\/\/www.awm-korntal.eu\/\" href=\"https:\/\/www.awm-korntal.eu\/\" target=\"_blank\" rel=\"noreferrer noopener\" aria-label=\"Link www.awm-korntal.eu\">www.awm-korntal.eu<\/a><\/span><\/p>\t\t\t\t\t\t\t\t<\/div>\n\t\t\t\t<\/div>\n\t\t\t\t\t<\/div>\n\t\t\t\t<\/div>\n\t\t<div class=\"elementor-element elementor-element-6427687 e-flex e-con-boxed e-con e-parent\" data-id=\"6427687\" data-element_type=\"container\" data-e-type=\"container\" id=\"missiontop\" data-settings=\"{&quot;background_background&quot;:&quot;classic&quot;,&quot;jet_parallax_layout_list&quot;:[]}\">\n\t\t\t\t\t<div class=\"e-con-inner\">\n\t\t\t\t<div class=\"elementor-element elementor-element-7de54e4 sub-title elementor-widget elementor-widget-heading\" data-id=\"7de54e4\" data-element_type=\"widget\" data-e-type=\"widget\" data-widget_type=\"heading.default\">\n\t\t\t\t<div class=\"elementor-widget-container\">\n\t\t\t\t\t<h2 class=\"elementor-heading-title elementor-size-default\">Missiotop - Pour la comp\u00e9tence en mission<\/h2>\t\t\t\t<\/div>\n\t\t\t\t<\/div>\n\t\t\t\t<div class=\"elementor-element elementor-element-df587c5 elementor-widget__width-initial elementor-widget elementor-widget-text-editor\" data-id=\"df587c5\" data-element_type=\"widget\" data-e-type=\"widget\" data-widget_type=\"text-editor.default\">\n\t\t\t\t<div class=\"elementor-widget-container\">\n\t\t\t\t\t\t\t\t\t<p>Missiotop (anciennement AfeM) fait partie de notre r\u00e9seau th\u00e9ologique missionnaire germanophone, dans lequel l&rsquo;AEM Suisse est impliqu\u00e9e depuis ses d\u00e9buts.<\/p><p>Ces derni\u00e8res ann\u00e9es, Missiotop a de plus en plus fait parler de lui gr\u00e2ce \u00e0 ses contributions de premier ordre dans ses articles num\u00e9riques et imprim\u00e9s du magazine trimestriel EM - Missiologie \u00e9vang\u00e9lique.<\/p><p>Aujourd&rsquo;hui, \u00ab\u00a0missiotop\u00a0\u00bb se veut un prestataire de services pour les institutions missiologiques, les maisons d&rsquo;\u00e9dition et les centres de formation th\u00e9ologique, avec son site web, ses offres de conf\u00e9rences, mais surtout ses nombreux articles de recherche litt\u00e9raire r\u00e9dig\u00e9s par une \u00e9quipe d&rsquo;\u00e9diteurs. - EM, magazine trimestriel en ligne, en pdf ou imprim\u00e9, est aujourd&rsquo;hui populaire parmi les \u00e9tudiants en th\u00e9ologie, les \u00e9l\u00e8ves de l&rsquo;\u00e9cole biblique et les personnes int\u00e9ress\u00e9es par la mission, et a fait ses preuves en mati\u00e8re de promotion de la rel\u00e8ve. <\/p><p>Traditionnellement, l&rsquo;AEM, en accord avec le conseil d&rsquo;administration de missiotop, participe activement \u00e0 la promotion des contributions en langue allemande dans l&rsquo;espace \u00e9vang\u00e9lique\/\u00e9vang\u00e9lique avec des collaborateurs de Suisse. Cela a donn\u00e9 une voix au mouvement missionnaire germanophone pour le travail international. <\/p><p>Pour les autres ressources de Missiotop, les inscriptions, les commandes, les dates de r\u00e9unions et les articles int\u00e9ressants, veuillez consulter directement la page suivante :<br><a href=\"https:\/\/missiotop.org\/\" target=\"_blank\" rel=\"noopener noreferrer\">www.missiotop.org<\/a><\/p>\t\t\t\t\t\t\t\t<\/div>\n\t\t\t\t<\/div>\n\t\t\t\t\t<\/div>\n\t\t\t\t<\/div>\n\t\t<div class=\"elementor-element elementor-element-cb8970f e-flex e-con-boxed e-con e-parent\" data-id=\"cb8970f\" data-element_type=\"container\" data-e-type=\"container\" id=\"diesection\" data-settings=\"{&quot;background_background&quot;:&quot;classic&quot;,&quot;jet_parallax_layout_list&quot;:[]}\">\n\t\t\t\t\t<div class=\"e-con-inner\">\n\t\t\t\t<div class=\"elementor-element elementor-element-d6a4f46 sub-title elementor-widget elementor-widget-heading\" data-id=\"d6a4f46\" data-element_type=\"widget\" data-e-type=\"widget\" data-widget_type=\"heading.default\">\n\t\t\t\t<div class=\"elementor-widget-container\">\n\t\t\t\t\t<h2 class=\"elementor-heading-title elementor-size-default\">L'histoire inachev\u00e9e<\/h2>\t\t\t\t<\/div>\n\t\t\t\t<\/div>\n\t\t\t\t<div class=\"elementor-element elementor-element-640ca8f elementor-widget__width-initial elementor-widget elementor-widget-text-editor\" data-id=\"640ca8f\" data-element_type=\"widget\" data-e-type=\"widget\" data-widget_type=\"text-editor.default\">\n\t\t\t\t<div class=\"elementor-widget-container\">\n\t\t\t\t\t\t\t\t\t<p>Ce court cours sur la mission r\u00e9sume en quatre le\u00e7ons le c\u0153ur de Dieu pour les nations, de mani\u00e8re \u00e0 ce que m\u00eame les personnes ayant peu de temps d&rsquo;\u00e9tude puissent en avoir une vue d&rsquo;ensemble.<\/p><p>DUG ne remplace pas le cours KAIROS, mais pourrait \u00eatre pour certains la seule fa\u00e7on de comprendre en peu de temps le sens de la mission \u00e0 partir de la Bible. Le DUG s&rsquo;adresse aux chr\u00e9tiens de tous \u00e2ges qui veulent prendre la mission de Dieu au s\u00e9rieux et qui cherchent des moyens pratiques de participer activement \u00e0 l&rsquo;accomplissement du plan de Dieu. <\/p><p>Le cours donne un aper\u00e7u passionnant des aspects bibliques, historiques, strat\u00e9giques et culturels de la mission de Dieu et de notre r\u00f4le dans celle-ci. Il a \u00e9t\u00e9 traduit de l&rsquo;anglais \u00ab\u00a0The Unfinished Story\u00a0\u00bb (copyright : <em>Simply Mobilizing)<\/em> par des collaborateurs allemands du cours KAIROS. Il est actuellement propos\u00e9 principalement via ZOOM, mais peut \u00e9galement \u00eatre organis\u00e9 physiquement au niveau r\u00e9gional sur demande. <\/p><p>Il convient aussi bien aux personnes int\u00e9ress\u00e9es par la mission qu&rsquo;aux membres de l&rsquo;\u00e9glise et aux groupes de jeunes.<\/p><p>Une \u00e9quipe d&rsquo;animateurs de l&rsquo;AEM Suisse propose le cours \u00e0 intervalles r\u00e9guliers.<\/p><p>Si vous ne trouvez pas de date dans le calendrier des \u00e9v\u00e9nements de l&rsquo;AEM, contactez-nous \u00e0 l&rsquo;adresse suivante :<\/p>\t\t\t\t\t\t\t\t<\/div>\n\t\t\t\t<\/div>\n\t\t\t\t<div class=\"elementor-element elementor-element-4b2f4cb elementor-widget__width-initial elementor-widget elementor-widget-text-editor\" data-id=\"4b2f4cb\" data-element_type=\"widget\" data-e-type=\"widget\" data-widget_type=\"text-editor.default\">\n\t\t\t\t<div class=\"elementor-widget-container\">\n\t\t\t\t\t\t\t\t\t<p><strong>Contact<\/strong><br><a href=\"mailto:info@simplymobilizing.ch\">info@simplymobilizing.ch<\/a><\/p>\t\t\t\t\t\t\t\t<\/div>\n\t\t\t\t<\/div>\n\t\t\t\t\t<\/div>\n\t\t\t\t<\/div>\n\t\t<div class=\"elementor-element elementor-element-c0f2a67 e-flex e-con-boxed e-con e-parent\" data-id=\"c0f2a67\" data-element_type=\"container\" data-e-type=\"container\" id=\"kairoskurs\" data-settings=\"{&quot;background_background&quot;:&quot;classic&quot;,&quot;jet_parallax_layout_list&quot;:[]}\">\n\t\t\t\t\t<div class=\"e-con-inner\">\n\t\t\t\t<div class=\"elementor-element elementor-element-7fbbd77 sub-title elementor-widget elementor-widget-heading\" data-id=\"7fbbd77\" data-element_type=\"widget\" data-e-type=\"widget\" data-widget_type=\"heading.default\">\n\t\t\t\t<div class=\"elementor-widget-container\">\n\t\t\t\t\t<h2 class=\"elementor-heading-title elementor-size-default\">Cours Kairos<\/h2>\t\t\t\t<\/div>\n\t\t\t\t<\/div>\n\t\t\t\t<div class=\"elementor-element elementor-element-83caa9a elementor-widget__width-initial elementor-widget elementor-widget-text-editor\" data-id=\"83caa9a\" data-element_type=\"widget\" data-e-type=\"widget\" data-widget_type=\"text-editor.default\">\n\t\t\t\t<div class=\"elementor-widget-container\">\n\t\t\t\t\t\t\t\t\t<p>Le cours Kairos est originaire des Philippines et est utilis\u00e9 dans le monde entier depuis 1994. Il a pour but de former et de mobiliser les chr\u00e9tiens individuels et les \u00e9glises locales \u00e0 la pr\u00e9dication moderne, \u00e0 suivre J\u00e9sus et \u00e0 soutenir la mission mondiale interculturelle moderne du 21e si\u00e8cle. <\/p><p>La 4e \u00e9dition fran\u00e7aise est propos\u00e9e par l&rsquo;AEM depuis 2019. Le cours est interactif et s&rsquo;adresse aux participants avides de d\u00e9couvertes qui veulent savoir ce que Dieu fait dans le monde aujourd&rsquo;hui pour accomplir son plan global ! Il changera leur vision du monde et les incitera \u00e0 s&rsquo;engager dans les objectifs de Dieu.  <\/p><p>Ce cours de neuf le\u00e7ons donne un aper\u00e7u des fondements bibliques, de l&rsquo;expansion du christianisme dans le monde et des strat\u00e9gies missionnaires \u00e9prouv\u00e9es. Il met en \u00e9vidence les nouveaux d\u00e9fis culturels et les moyens de r\u00e9orienter les tendances actuelles du travail missionnaire du 21\u00e8me si\u00e8cle. <\/p><p>Il fait partie de la <em>famille Perspectives<\/em> (\u00ab\u00a0Perspectives on the World Christian Movement\u00a0\u00bb, Living Springs International, le cours de base de niveau universitaire pour les futurs th\u00e9ologiens et missionnaires) et a \u00e9t\u00e9 d\u00e9velopp\u00e9 par des pasteurs philippins et Simply Mobilizing dans le but de transmettre \u00e0 leurs \u00e9glises les battements de c\u0153ur de Dieu pour les nations et la mission mondiale avec peu d&rsquo;efforts.<\/p><ul><li>D\u00e9couvrez le fil conducteur qui va de la Gen\u00e8se \u00e0 l&rsquo;Apocalypse.<\/li><li>Regardez l&rsquo;histoire du monde du point de vue de Dieu et soyez enthousiasm\u00e9 par l&rsquo;\u00e9norme croissance des chr\u00e9tiens dans le monde entier !<\/li><li>Explorez ce qu&rsquo;il reste \u00e0 faire pour accomplir la mission. Explorez les derniers d\u00e9fis et les aspects inachev\u00e9s de l&rsquo;ordre de mission. <\/li><li>Reconnaissez votre r\u00f4le dans l&rsquo;\u00e9v\u00e9nement le plus enthousiasmant de notre plan\u00e8te Terre - l&rsquo;expansion mondiale du Royaume de Dieu !<\/li><\/ul><p><strong> <\/strong><\/p><p><strong>Quelles sont les conditions requises pour suivre ce cours ?<\/strong><\/p><p>Ce cours s&rsquo;adresse aux chr\u00e9tiens de tous \u00e2ges qui veulent prendre la mission de Dieu au s\u00e9rieux et qui cherchent des moyens pratiques de participer activement \u00e0 l&rsquo;accomplissement du plan de Dieu. Il a \u00e9t\u00e9 con\u00e7u pour former et mobiliser les \u00e9glises locales, mais il peut \u00e9galement \u00eatre organis\u00e9 \u00e0 l&rsquo;\u00e9chelle r\u00e9gionale. Il convient aussi bien aux \u00e9coles bibliques qu&rsquo;\u00e0 la formation des candidats \u00e0 la mission. Ce qui est important, c&rsquo;est que Dieu cherche des gens qui peuvent \u00eatre utilis\u00e9s par Lui ! C&rsquo;est \u00e0 ces personnes que ce cours s&rsquo;adresse !    <\/p><p>Vous trouverez les dates actuelles des cours dans l&rsquo;<a href=\"https:\/\/mission.weiterdev.ch\/fr\/agenda-page\/\">agenda<\/a>.<\/p>\t\t\t\t\t\t\t\t<\/div>\n\t\t\t\t<\/div>\n\t\t\t\t\t<\/div>\n\t\t\t\t<\/div>\n\t\t<div class=\"elementor-element elementor-element-1dcf2ac e-flex e-con-boxed e-con e-parent\" data-id=\"1dcf2ac\" data-element_type=\"container\" data-e-type=\"container\" id=\"ressourcen\" data-settings=\"{&quot;background_background&quot;:&quot;classic&quot;,&quot;jet_parallax_layout_list&quot;:[]}\">\n\t\t\t\t\t<div class=\"e-con-inner\">\n\t\t\t\t<div class=\"elementor-element elementor-element-dbc6645 sub-title elementor-widget elementor-widget-heading\" data-id=\"dbc6645\" data-element_type=\"widget\" data-e-type=\"widget\" data-widget_type=\"heading.default\">\n\t\t\t\t<div class=\"elementor-widget-container\">\n\t\t\t\t\t<h2 class=\"elementor-heading-title elementor-size-default\">ReSSOURCES<\/h2>\t\t\t\t<\/div>\n\t\t\t\t<\/div>\n\t\t\t\t<div class=\"elementor-element elementor-element-22e76cc elementor-widget__width-initial elementor-widget elementor-widget-text-editor\" data-id=\"22e76cc\" data-element_type=\"widget\" data-e-type=\"widget\" data-widget_type=\"text-editor.default\">\n\t\t\t\t<div class=\"elementor-widget-container\">\n\t\t\t\t\t\t\t\t\t<p>En tant qu&rsquo;association fa\u00eeti\u00e8re, nous vivons pour et avec les autres. C&rsquo;est pourquoi nous voulons offrir \u00e0 nos membres la possibilit\u00e9 de partager des documents, des rapports ou d&rsquo;autres nouvelles. Si vous avez des ressources publiques qui pourraient int\u00e9resser d&rsquo;autres personnes, n&rsquo;h\u00e9sitez pas \u00e0 les envoyer directement <a title=\"mailto:sekretariat@aem.ch\" href=\"mailto:sekretariat@aem.ch\">\u00e0 sekretariat@aem.ch<\/a> et nous les t\u00e9l\u00e9chargerons ici pour vous.  <\/p>\t\t\t\t\t\t\t\t<\/div>\n\t\t\t\t<\/div>\n\t\t<div class=\"elementor-element elementor-element-7296038 e-con-full elementor-hidden-mobile_extra e-flex e-con e-child\" data-id=\"7296038\" data-element_type=\"container\" data-e-type=\"container\" data-settings=\"{&quot;jet_parallax_layout_list&quot;:[]}\">\n\t\t<div class=\"elementor-element elementor-element-5b51185 e-con-full e-flex e-con e-child\" data-id=\"5b51185\" data-element_type=\"container\" data-e-type=\"container\" data-settings=\"{&quot;jet_parallax_layout_list&quot;:[]}\">\n\t\t<div class=\"elementor-element elementor-element-b010d8e e-con-full e-flex e-con e-child\" data-id=\"b010d8e\" data-element_type=\"container\" data-e-type=\"container\" data-settings=\"{&quot;jet_parallax_layout_list&quot;:[],&quot;background_background&quot;:&quot;classic&quot;}\">\n\t\t\t\t<div class=\"elementor-element elementor-element-0f4d19d elementor-flip-box--effect-flip elementor-flip-box--direction-up elementor-widget elementor-widget-flip-box\" data-id=\"0f4d19d\" data-element_type=\"widget\" data-e-type=\"widget\" data-widget_type=\"flip-box.default\">\n\t\t\t\t<div class=\"elementor-widget-container\">\n\t\t\t\t\t\t\t<div class=\"elementor-flip-box\" tabindex=\"0\">\n\t\t\t<div class=\"elementor-flip-box__layer elementor-flip-box__front\">\n\t\t\t\t<div class=\"elementor-flip-box__layer__overlay\">\n\t\t\t\t\t<div class=\"elementor-flip-box__layer__inner\">\n\t\t\t\t\t\t\n\t\t\t\t\t\t\t\t\t\t\t\t\t<h3 class=\"elementor-flip-box__layer__title\">\n\t\t\t\t\t\t\t\tAssembl\u00e9e g\u00e9n\u00e9rale de WEA 2025 (FR)\t\t\t\t\t\t\t<\/h3>\n\t\t\t\t\t\t\n\t\t\t\t\t\t\t\t\t\t\t<\/div>\n\t\t\t\t<\/div>\n\t\t\t<\/div>\n\t\t\t<div class=\"elementor-flip-box__layer elementor-flip-box__back\">\n\t\t\t<div class=\"elementor-flip-box__layer__overlay\">\n\t\t\t\t<div class=\"elementor-flip-box__layer__inner\">\n\t\t\t\t\t\t\t\t\t\t\t<h3 class=\"elementor-flip-box__layer__title\">\n\t\t\t\t\t\t\tAssembl\u00e9e g\u00e9n\u00e9rale de WEA 2025 (FR)\t\t\t\t\t\t<\/h3>\n\t\t\t\t\t\n\t\t\t\t\t\t\t\t\t\t\t<div class=\"elementor-flip-box__layer__description\">\n\t\t\t\t\t\t\tMichael Girgis\t\t\t\t\t\t<\/div>\n\t\t\t\t\t\n\t\t\t\t\t\t\t\t\t\t\t<a class=\"elementor-flip-box__button elementor-button elementor-size-sm\" href=\"https:\/\/mission.weiterdev.ch\/wp-content\/uploads\/2025\/12\/251103-WEA-General-Assembly-2025-Seoul-Bericht-Michael-Girgis-Print-DE.pdf\" target=\"_blank\">\n\t\t\t\t\t\t\tCliquez ici\t\t\t\t\t\t<\/a>\n\t\t\t\t\t\t\t\t<\/div>\n\t\t<\/div>\n\t\t<\/div>\n\t\t<\/div>\n\t\t\t\t\t\t<\/div>\n\t\t\t\t<\/div>\n\t\t\t\t<\/div>\n\t\t<div class=\"elementor-element elementor-element-b24432a e-con-full e-flex e-con e-child\" data-id=\"b24432a\" data-element_type=\"container\" data-e-type=\"container\" data-settings=\"{&quot;jet_parallax_layout_list&quot;:[]}\">\n\t\t\t\t<div class=\"elementor-element elementor-element-77d89b9 elementor-flip-box--effect-flip elementor-flip-box--direction-up elementor-widget elementor-widget-flip-box\" data-id=\"77d89b9\" data-element_type=\"widget\" data-e-type=\"widget\" data-widget_type=\"flip-box.default\">\n\t\t\t\t<div class=\"elementor-widget-container\">\n\t\t\t\t\t\t\t<div class=\"elementor-flip-box\" tabindex=\"0\">\n\t\t\t<div class=\"elementor-flip-box__layer elementor-flip-box__front\">\n\t\t\t\t<div class=\"elementor-flip-box__layer__overlay\">\n\t\t\t\t\t<div class=\"elementor-flip-box__layer__inner\">\n\t\t\t\t\t\t\n\t\t\t\t\t\t\t\t\t\t\t\t\t<h3 class=\"elementor-flip-box__layer__title\">\n\t\t\t\t\t\t\t\tAssembl\u00e9e g\u00e9n\u00e9rale de WEA 2025 (EN)\t\t\t\t\t\t\t<\/h3>\n\t\t\t\t\t\t\n\t\t\t\t\t\t\t\t\t\t\t<\/div>\n\t\t\t\t<\/div>\n\t\t\t<\/div>\n\t\t\t<div class=\"elementor-flip-box__layer elementor-flip-box__back\">\n\t\t\t<div class=\"elementor-flip-box__layer__overlay\">\n\t\t\t\t<div class=\"elementor-flip-box__layer__inner\">\n\t\t\t\t\t\t\t\t\t\t\t<h3 class=\"elementor-flip-box__layer__title\">\n\t\t\t\t\t\t\tAssembl\u00e9e g\u00e9n\u00e9rale de WEA 2025 (EN)\t\t\t\t\t\t<\/h3>\n\t\t\t\t\t\n\t\t\t\t\t\t\t\t\t\t\t<div class=\"elementor-flip-box__layer__description\">\n\t\t\t\t\t\t\tMichael Girgis\t\t\t\t\t\t<\/div>\n\t\t\t\t\t\n\t\t\t\t\t\t\t\t\t\t\t<a class=\"elementor-flip-box__button elementor-button elementor-size-sm\" href=\"https:\/\/mission.weiterdev.ch\/wp-content\/uploads\/2025\/12\/251103-WEA-General-Assembly-2025-Seoul-Michael-Girgis-Print-ENG.pdf\" target=\"_blank\">\n\t\t\t\t\t\t\tCliquez ici\t\t\t\t\t\t<\/a>\n\t\t\t\t\t\t\t\t<\/div>\n\t\t<\/div>\n\t\t<\/div>\n\t\t<\/div>\n\t\t\t\t\t\t<\/div>\n\t\t\t\t<\/div>\n\t\t\t\t<\/div>\n\t\t<div class=\"elementor-element elementor-element-c52995d e-con-full elementor-hidden-mobile e-flex e-con e-child\" data-id=\"c52995d\" data-element_type=\"container\" data-e-type=\"container\" data-settings=\"{&quot;jet_parallax_layout_list&quot;:[]}\">\n\t\t\t\t<\/div>\n\t\t<div class=\"elementor-element elementor-element-5e02f06 e-con-full elementor-hidden-mobile e-flex e-con e-child\" data-id=\"5e02f06\" data-element_type=\"container\" data-e-type=\"container\" data-settings=\"{&quot;jet_parallax_layout_list&quot;:[]}\">\n\t\t\t\t<\/div>\n\t\t\t\t<\/div>\n\t\t\t\t<\/div>\n\t\t<div class=\"elementor-element elementor-element-68148b9 e-con-full elementor-hidden-mobile_extra e-flex e-con e-child\" data-id=\"68148b9\" data-element_type=\"container\" data-e-type=\"container\" data-settings=\"{&quot;jet_parallax_layout_list&quot;:[]}\">\n\t\t<div class=\"elementor-element elementor-element-7d76a2b e-con-full e-flex e-con e-child\" data-id=\"7d76a2b\" data-element_type=\"container\" data-e-type=\"container\" data-settings=\"{&quot;jet_parallax_layout_list&quot;:[]}\">\n\t\t<div class=\"elementor-element elementor-element-3e731f7 e-con-full e-flex e-con e-child\" data-id=\"3e731f7\" data-element_type=\"container\" data-e-type=\"container\" data-settings=\"{&quot;jet_parallax_layout_list&quot;:[]}\">\n\t\t\t\t<div class=\"elementor-element elementor-element-581c507 elementor-flip-box--effect-flip elementor-flip-box--direction-up elementor-widget elementor-widget-flip-box\" data-id=\"581c507\" data-element_type=\"widget\" data-e-type=\"widget\" data-widget_type=\"flip-box.default\">\n\t\t\t\t<div class=\"elementor-widget-container\">\n\t\t\t\t\t\t\t<div class=\"elementor-flip-box\" tabindex=\"0\">\n\t\t\t<div class=\"elementor-flip-box__layer elementor-flip-box__front\">\n\t\t\t\t<div class=\"elementor-flip-box__layer__overlay\">\n\t\t\t\t\t<div class=\"elementor-flip-box__layer__inner\">\n\t\t\t\t\t\t\n\t\t\t\t\t\t\t\t\t\t\t\t\t<h3 class=\"elementor-flip-box__layer__title\">\n\t\t\t\t\t\t\t\tLa mission dans le contexte mondial\t\t\t\t\t\t\t<\/h3>\n\t\t\t\t\t\t\n\t\t\t\t\t\t\t\t\t\t\t<\/div>\n\t\t\t\t<\/div>\n\t\t\t<\/div>\n\t\t\t<div class=\"elementor-flip-box__layer elementor-flip-box__back\">\n\t\t\t<div class=\"elementor-flip-box__layer__overlay\">\n\t\t\t\t<div class=\"elementor-flip-box__layer__inner\">\n\t\t\t\t\t\t\t\t\t\t\t<h3 class=\"elementor-flip-box__layer__title\">\n\t\t\t\t\t\t\tLa mission dans le contexte mondial\t\t\t\t\t\t<\/h3>\n\t\t\t\t\t\n\t\t\t\t\t\t\t\t\t\t\t<div class=\"elementor-flip-box__layer__description\">\n\t\t\t\t\t\t\tRoland Hardmeier\t\t\t\t\t\t<\/div>\n\t\t\t\t\t\n\t\t\t\t\t\t\t\t\t\t\t<a class=\"elementor-flip-box__button elementor-button elementor-size-sm\" href=\"https:\/\/mission.weiterdev.ch\/wp-content\/uploads\/2025\/12\/Expose_Roland_Hardmeier.pdf\" target=\"_blank\">\n\t\t\t\t\t\t\tCliquez ici\t\t\t\t\t\t<\/a>\n\t\t\t\t\t\t\t\t<\/div>\n\t\t<\/div>\n\t\t<\/div>\n\t\t<\/div>\n\t\t\t\t\t\t<\/div>\n\t\t\t\t<\/div>\n\t\t\t\t<\/div>\n\t\t<div class=\"elementor-element elementor-element-d977c8b e-con-full e-flex e-con e-child\" data-id=\"d977c8b\" data-element_type=\"container\" data-e-type=\"container\" data-settings=\"{&quot;jet_parallax_layout_list&quot;:[]}\">\n\t\t\t\t<div class=\"elementor-element elementor-element-c4858dc elementor-flip-box--effect-flip elementor-flip-box--direction-up elementor-widget elementor-widget-flip-box\" data-id=\"c4858dc\" data-element_type=\"widget\" data-e-type=\"widget\" data-widget_type=\"flip-box.default\">\n\t\t\t\t<div class=\"elementor-widget-container\">\n\t\t\t\t\t\t\t<div class=\"elementor-flip-box\" tabindex=\"0\">\n\t\t\t<div class=\"elementor-flip-box__layer elementor-flip-box__front\">\n\t\t\t\t<div class=\"elementor-flip-box__layer__overlay\">\n\t\t\t\t\t<div class=\"elementor-flip-box__layer__inner\">\n\t\t\t\t\t\t\n\t\t\t\t\t\t\t\t\t\t\t\t\t<h3 class=\"elementor-flip-box__layer__title\">\n\t\t\t\t\t\t\t\tMissiologie \u00e9vang\u00e9lique\t\t\t\t\t\t\t<\/h3>\n\t\t\t\t\t\t\n\t\t\t\t\t\t\t\t\t\t\t<\/div>\n\t\t\t\t<\/div>\n\t\t\t<\/div>\n\t\t\t<div class=\"elementor-flip-box__layer elementor-flip-box__back\">\n\t\t\t<div class=\"elementor-flip-box__layer__overlay\">\n\t\t\t\t<div class=\"elementor-flip-box__layer__inner\">\n\t\t\t\t\t\t\t\t\t\t\t<h3 class=\"elementor-flip-box__layer__title\">\n\t\t\t\t\t\t\tMissiologie \u00e9vang\u00e9lique\t\t\t\t\t\t<\/h3>\n\t\t\t\t\t\n\t\t\t\t\t\t\t\t\t\t\t<div class=\"elementor-flip-box__layer__description\">\n\t\t\t\t\t\t\tThomas Schirrmacher\t\t\t\t\t\t<\/div>\n\t\t\t\t\t\n\t\t\t\t\t\t\t\t\t\t\t<a class=\"elementor-flip-box__button elementor-button elementor-size-sm\" href=\"https:\/\/mission.weiterdev.ch\/wp-content\/uploads\/2025\/12\/Evangelische_Missiologie_Aus_meiner_Sicht.pdf\" target=\"_blank\">\n\t\t\t\t\t\t\tCliquez ici\t\t\t\t\t\t<\/a>\n\t\t\t\t\t\t\t\t<\/div>\n\t\t<\/div>\n\t\t<\/div>\n\t\t<\/div>\n\t\t\t\t\t\t<\/div>\n\t\t\t\t<\/div>\n\t\t\t\t<\/div>\n\t\t<div class=\"elementor-element elementor-element-816610a e-con-full e-flex e-con e-child\" data-id=\"816610a\" data-element_type=\"container\" data-e-type=\"container\" data-settings=\"{&quot;jet_parallax_layout_list&quot;:[]}\">\n\t\t\t\t<div class=\"elementor-element elementor-element-d3cf5bf elementor-flip-box--effect-flip elementor-flip-box--direction-up elementor-widget elementor-widget-flip-box\" data-id=\"d3cf5bf\" data-element_type=\"widget\" data-e-type=\"widget\" data-widget_type=\"flip-box.default\">\n\t\t\t\t<div class=\"elementor-widget-container\">\n\t\t\t\t\t\t\t<div class=\"elementor-flip-box\" tabindex=\"0\">\n\t\t\t<div class=\"elementor-flip-box__layer elementor-flip-box__front\">\n\t\t\t\t<div class=\"elementor-flip-box__layer__overlay\">\n\t\t\t\t\t<div class=\"elementor-flip-box__layer__inner\">\n\t\t\t\t\t\t\n\t\t\t\t\t\t\t\t\t\t\t\t\t<h3 class=\"elementor-flip-box__layer__title\">\n\t\t\t\t\t\t\t\tMissiologie \u00e9vang\u00e9lique\t\t\t\t\t\t\t<\/h3>\n\t\t\t\t\t\t\n\t\t\t\t\t\t\t\t\t\t\t<\/div>\n\t\t\t\t<\/div>\n\t\t\t<\/div>\n\t\t\t<div class=\"elementor-flip-box__layer elementor-flip-box__back\">\n\t\t\t<div class=\"elementor-flip-box__layer__overlay\">\n\t\t\t\t<div class=\"elementor-flip-box__layer__inner\">\n\t\t\t\t\t\t\t\t\t\t\t<h3 class=\"elementor-flip-box__layer__title\">\n\t\t\t\t\t\t\tMissiologie \u00e9vang\u00e9lique\t\t\t\t\t\t<\/h3>\n\t\t\t\t\t\n\t\t\t\t\t\t\t\t\t\t\t<div class=\"elementor-flip-box__layer__description\">\n\t\t\t\t\t\t\tForum protestant pour la mission, la culture et la religion\t\t\t\t\t\t<\/div>\n\t\t\t\t\t\n\t\t\t\t\t\t\t\t\t\t\t<a class=\"elementor-flip-box__button elementor-button elementor-size-sm\" href=\"https:\/\/mission.weiterdev.ch\/wp-content\/uploads\/2025\/12\/Evangelische_Missiologie_22023.pdf\" target=\"_blank\">\n\t\t\t\t\t\t\tCliquez ici\t\t\t\t\t\t<\/a>\n\t\t\t\t\t\t\t\t<\/div>\n\t\t<\/div>\n\t\t<\/div>\n\t\t<\/div>\n\t\t\t\t\t\t<\/div>\n\t\t\t\t<\/div>\n\t\t\t\t<\/div>\n\t\t<div class=\"elementor-element elementor-element-bb83ae5 e-con-full e-flex e-con e-child\" data-id=\"bb83ae5\" data-element_type=\"container\" data-e-type=\"container\" data-settings=\"{&quot;jet_parallax_layout_list&quot;:[]}\">\n\t\t\t\t<div class=\"elementor-element elementor-element-e44377b elementor-flip-box--effect-flip elementor-flip-box--direction-up elementor-widget elementor-widget-flip-box\" data-id=\"e44377b\" data-element_type=\"widget\" data-e-type=\"widget\" data-widget_type=\"flip-box.default\">\n\t\t\t\t<div class=\"elementor-widget-container\">\n\t\t\t\t\t\t\t<div class=\"elementor-flip-box\" tabindex=\"0\">\n\t\t\t<div class=\"elementor-flip-box__layer elementor-flip-box__front\">\n\t\t\t\t<div class=\"elementor-flip-box__layer__overlay\">\n\t\t\t\t\t<div class=\"elementor-flip-box__layer__inner\">\n\t\t\t\t\t\t\n\t\t\t\t\t\t\t\t\t\t\t\t\t<h3 class=\"elementor-flip-box__layer__title\">\n\t\t\t\t\t\t\t\tProcessus Futur Mission\t\t\t\t\t\t\t<\/h3>\n\t\t\t\t\t\t\n\t\t\t\t\t\t\t\t\t\t\t<\/div>\n\t\t\t\t<\/div>\n\t\t\t<\/div>\n\t\t\t<div class=\"elementor-flip-box__layer elementor-flip-box__back\">\n\t\t\t<div class=\"elementor-flip-box__layer__overlay\">\n\t\t\t\t<div class=\"elementor-flip-box__layer__inner\">\n\t\t\t\t\t\t\t\t\t\t\t<h3 class=\"elementor-flip-box__layer__title\">\n\t\t\t\t\t\t\tProcessus Futur Mission\t\t\t\t\t\t<\/h3>\n\t\t\t\t\t\n\t\t\t\t\t\t\t\t\t\t\t<div class=\"elementor-flip-box__layer__description\">\n\t\t\t\t\t\t\tGroupe de travail \"Future Mission\t\t\t\t\t\t<\/div>\n\t\t\t\t\t\n\t\t\t\t\t\t\t\t\t\t\t<a class=\"elementor-flip-box__button elementor-button elementor-size-sm\" href=\"https:\/\/mission.weiterdev.ch\/wp-content\/uploads\/2025\/12\/Prozess_Zukunft_Mission_23_11.pdf\" target=\"_blank\">\n\t\t\t\t\t\t\tCliquez ici\t\t\t\t\t\t<\/a>\n\t\t\t\t\t\t\t\t<\/div>\n\t\t<\/div>\n\t\t<\/div>\n\t\t<\/div>\n\t\t\t\t\t\t<\/div>\n\t\t\t\t<\/div>\n\t\t\t\t<\/div>\n\t\t\t\t<\/div>\n\t\t\t\t<\/div>\n\t\t<div class=\"elementor-element elementor-element-3e96796 e-con-full elementor-hidden-mobile_extra e-flex e-con e-child\" data-id=\"3e96796\" data-element_type=\"container\" data-e-type=\"container\" data-settings=\"{&quot;jet_parallax_layout_list&quot;:[]}\">\n\t\t<div class=\"elementor-element elementor-element-50e5881 e-con-full e-flex e-con e-child\" data-id=\"50e5881\" data-element_type=\"container\" data-e-type=\"container\" data-settings=\"{&quot;jet_parallax_layout_list&quot;:[]}\">\n\t\t<div class=\"elementor-element elementor-element-b8a5fa8 e-con-full e-flex e-con e-child\" data-id=\"b8a5fa8\" data-element_type=\"container\" data-e-type=\"container\" data-settings=\"{&quot;jet_parallax_layout_list&quot;:[]}\">\n\t\t\t\t<div class=\"elementor-element elementor-element-586e601 elementor-flip-box--effect-flip elementor-flip-box--direction-up elementor-widget elementor-widget-flip-box\" data-id=\"586e601\" data-element_type=\"widget\" data-e-type=\"widget\" data-widget_type=\"flip-box.default\">\n\t\t\t\t<div class=\"elementor-widget-container\">\n\t\t\t\t\t\t\t<div class=\"elementor-flip-box\" tabindex=\"0\">\n\t\t\t<div class=\"elementor-flip-box__layer elementor-flip-box__front\">\n\t\t\t\t<div class=\"elementor-flip-box__layer__overlay\">\n\t\t\t\t\t<div class=\"elementor-flip-box__layer__inner\">\n\t\t\t\t\t\t\n\t\t\t\t\t\t\t\t\t\t\t\t\t<h3 class=\"elementor-flip-box__layer__title\">\n\t\t\t\t\t\t\t\t5 Marks of Mission Auto-\u00e9valuation\t\t\t\t\t\t\t<\/h3>\n\t\t\t\t\t\t\n\t\t\t\t\t\t\t\t\t\t\t<\/div>\n\t\t\t\t<\/div>\n\t\t\t<\/div>\n\t\t\t<div class=\"elementor-flip-box__layer elementor-flip-box__back\">\n\t\t\t<div class=\"elementor-flip-box__layer__overlay\">\n\t\t\t\t<div class=\"elementor-flip-box__layer__inner\">\n\t\t\t\t\t\t\t\t\t\t\t<h3 class=\"elementor-flip-box__layer__title\">\n\t\t\t\t\t\t\t5 Marks of Mission Auto-\u00e9valuation\t\t\t\t\t\t<\/h3>\n\t\t\t\t\t\n\t\t\t\t\t\t\t\t\t\t\t<div class=\"elementor-flip-box__layer__description\">\n\t\t\t\t\t\t\tGroupe de travail \"Future Mission\t\t\t\t\t\t<\/div>\n\t\t\t\t\t\n\t\t\t\t\t\t\t\t\t\t\t<a class=\"elementor-flip-box__button elementor-button elementor-size-sm\" href=\"https:\/\/mission.weiterdev.ch\/wp-content\/uploads\/2025\/12\/5-Marks-of-Mission-Selbsteinschaetzung_zum-Ausfuellen.docx\" target=\"_blank\">\n\t\t\t\t\t\t\tCliquez ici\t\t\t\t\t\t<\/a>\n\t\t\t\t\t\t\t\t<\/div>\n\t\t<\/div>\n\t\t<\/div>\n\t\t<\/div>\n\t\t\t\t\t\t<\/div>\n\t\t\t\t<\/div>\n\t\t\t\t<\/div>\n\t\t<div class=\"elementor-element elementor-element-5f65150 e-con-full e-flex e-con e-child\" data-id=\"5f65150\" data-element_type=\"container\" data-e-type=\"container\" data-settings=\"{&quot;jet_parallax_layout_list&quot;:[]}\">\n\t\t\t\t<div class=\"elementor-element elementor-element-fd51b6d elementor-flip-box--effect-flip elementor-flip-box--direction-up elementor-widget elementor-widget-flip-box\" data-id=\"fd51b6d\" data-element_type=\"widget\" data-e-type=\"widget\" data-widget_type=\"flip-box.default\">\n\t\t\t\t<div class=\"elementor-widget-container\">\n\t\t\t\t\t\t\t<div class=\"elementor-flip-box\" tabindex=\"0\">\n\t\t\t<div class=\"elementor-flip-box__layer elementor-flip-box__front\">\n\t\t\t\t<div class=\"elementor-flip-box__layer__overlay\">\n\t\t\t\t\t<div class=\"elementor-flip-box__layer__inner\">\n\t\t\t\t\t\t\n\t\t\t\t\t\t\t\t\t\t\t\t\t<h3 class=\"elementor-flip-box__layer__title\">\n\t\t\t\t\t\t\t\tCinq marques de mission GA\t\t\t\t\t\t\t<\/h3>\n\t\t\t\t\t\t\n\t\t\t\t\t\t\t\t\t\t\t<\/div>\n\t\t\t\t<\/div>\n\t\t\t<\/div>\n\t\t\t<div class=\"elementor-flip-box__layer elementor-flip-box__back\">\n\t\t\t<div class=\"elementor-flip-box__layer__overlay\">\n\t\t\t\t<div class=\"elementor-flip-box__layer__inner\">\n\t\t\t\t\t\t\t\t\t\t\t<h3 class=\"elementor-flip-box__layer__title\">\n\t\t\t\t\t\t\tCinq marques de mission GA\t\t\t\t\t\t<\/h3>\n\t\t\t\t\t\n\t\t\t\t\t\t\t\t\t\t\t<div class=\"elementor-flip-box__layer__description\">\n\t\t\t\t\t\t\tAlliance \u00e9vang\u00e9lique europ\u00e9enne (AEE)\t\t\t\t\t\t<\/div>\n\t\t\t\t\t\n\t\t\t\t\t\t\t\t\t\t\t<a class=\"elementor-flip-box__button elementor-button elementor-size-sm\" href=\"https:\/\/mission.weiterdev.ch\/wp-content\/uploads\/2025\/12\/Five-Marks-of-Mission_GA-2023-of-EEA.pdf\" target=\"_blank\">\n\t\t\t\t\t\t\tCliquez ici\t\t\t\t\t\t<\/a>\n\t\t\t\t\t\t\t\t<\/div>\n\t\t<\/div>\n\t\t<\/div>\n\t\t<\/div>\n\t\t\t\t\t\t<\/div>\n\t\t\t\t<\/div>\n\t\t\t\t<\/div>\n\t\t<div class=\"elementor-element elementor-element-1f914ea e-con-full e-flex e-con e-child\" data-id=\"1f914ea\" data-element_type=\"container\" data-e-type=\"container\" data-settings=\"{&quot;jet_parallax_layout_list&quot;:[]}\">\n\t\t\t\t<div class=\"elementor-element elementor-element-727254c elementor-flip-box--effect-flip elementor-flip-box--direction-up elementor-widget elementor-widget-flip-box\" data-id=\"727254c\" data-element_type=\"widget\" data-e-type=\"widget\" data-widget_type=\"flip-box.default\">\n\t\t\t\t<div class=\"elementor-widget-container\">\n\t\t\t\t\t\t\t<div class=\"elementor-flip-box\" tabindex=\"0\">\n\t\t\t<div class=\"elementor-flip-box__layer elementor-flip-box__front\">\n\t\t\t\t<div class=\"elementor-flip-box__layer__overlay\">\n\t\t\t\t\t<div class=\"elementor-flip-box__layer__inner\">\n\t\t\t\t\t\t\n\t\t\t\t\t\t\t\t\t\t\t\t\t<h3 class=\"elementor-flip-box__layer__title\">\n\t\t\t\t\t\t\t\tR\u00e9trospective Forum pour les \u00e9quipes missionnaires et les accompagnateurs\t\t\t\t\t\t\t<\/h3>\n\t\t\t\t\t\t\n\t\t\t\t\t\t\t\t\t\t\t<\/div>\n\t\t\t\t<\/div>\n\t\t\t<\/div>\n\t\t\t<div class=\"elementor-flip-box__layer elementor-flip-box__back\">\n\t\t\t<div class=\"elementor-flip-box__layer__overlay\">\n\t\t\t\t<div class=\"elementor-flip-box__layer__inner\">\n\t\t\t\t\t\t\t\t\t\t\t<h3 class=\"elementor-flip-box__layer__title\">\n\t\t\t\t\t\t\tR\u00e9trospective Forum pour les \u00e9quipes missionnaires et les accompagnateurs\t\t\t\t\t\t<\/h3>\n\t\t\t\t\t\n\t\t\t\t\t\t\t\t\t\t\t<div class=\"elementor-flip-box__layer__description\">\n\t\t\t\t\t\t\tMarc Finkbeiner\t\t\t\t\t\t<\/div>\n\t\t\t\t\t\n\t\t\t\t\t\t\t\t\t\t\t<a class=\"elementor-flip-box__button elementor-button elementor-size-sm\" href=\"https:\/\/mission.weiterdev.ch\/wp-content\/uploads\/2025\/12\/Rueckblick-Forum-fuer-Missionsteams-und-Begleitpersonen.pdf\" target=\"_blank\">\n\t\t\t\t\t\t\tCliquez ici\t\t\t\t\t\t<\/a>\n\t\t\t\t\t\t\t\t<\/div>\n\t\t<\/div>\n\t\t<\/div>\n\t\t<\/div>\n\t\t\t\t\t\t<\/div>\n\t\t\t\t<\/div>\n\t\t\t\t<\/div>\n\t\t<div class=\"elementor-element elementor-element-21b42a2 e-con-full e-flex e-con e-child\" data-id=\"21b42a2\" data-element_type=\"container\" data-e-type=\"container\" data-settings=\"{&quot;jet_parallax_layout_list&quot;:[]}\">\n\t\t\t\t<div class=\"elementor-element elementor-element-1589eb8 elementor-flip-box--effect-flip elementor-flip-box--direction-up elementor-widget elementor-widget-flip-box\" data-id=\"1589eb8\" data-element_type=\"widget\" data-e-type=\"widget\" data-widget_type=\"flip-box.default\">\n\t\t\t\t<div class=\"elementor-widget-container\">\n\t\t\t\t\t\t\t<div class=\"elementor-flip-box\" tabindex=\"0\">\n\t\t\t<div class=\"elementor-flip-box__layer elementor-flip-box__front\">\n\t\t\t\t<div class=\"elementor-flip-box__layer__overlay\">\n\t\t\t\t\t<div class=\"elementor-flip-box__layer__inner\">\n\t\t\t\t\t\t\n\t\t\t\t\t\t\t\t\t\t\t\t\t<h3 class=\"elementor-flip-box__layer__title\">\n\t\t\t\t\t\t\t\tR\u00e9trospective de la r\u00e9union annuelle de l'AEM en 2024\t\t\t\t\t\t\t<\/h3>\n\t\t\t\t\t\t\n\t\t\t\t\t\t\t\t\t\t\t<\/div>\n\t\t\t\t<\/div>\n\t\t\t<\/div>\n\t\t\t<div class=\"elementor-flip-box__layer elementor-flip-box__back\">\n\t\t\t<div class=\"elementor-flip-box__layer__overlay\">\n\t\t\t\t<div class=\"elementor-flip-box__layer__inner\">\n\t\t\t\t\t\t\t\t\t\t\t<h3 class=\"elementor-flip-box__layer__title\">\n\t\t\t\t\t\t\tR\u00e9trospective de la r\u00e9union annuelle de l'AEM en 2024\t\t\t\t\t\t<\/h3>\n\t\t\t\t\t\n\t\t\t\t\t\t\t\t\t\t\t<div class=\"elementor-flip-box__layer__description\">\n\t\t\t\t\t\t\tMichael Girgis\t\t\t\t\t\t<\/div>\n\t\t\t\t\t\n\t\t\t\t\t\t\t\t\t\t\t<a class=\"elementor-flip-box__button elementor-button elementor-size-sm\" href=\"https:\/\/mission.weiterdev.ch\/wp-content\/uploads\/2025\/12\/AEM-Jahrestagung-2024-Rueckblick-Girgis-Michael.pdf\" target=\"_blank\">\n\t\t\t\t\t\t\tCliquez ici\t\t\t\t\t\t<\/a>\n\t\t\t\t\t\t\t\t<\/div>\n\t\t<\/div>\n\t\t<\/div>\n\t\t<\/div>\n\t\t\t\t\t\t<\/div>\n\t\t\t\t<\/div>\n\t\t\t\t<\/div>\n\t\t\t\t<\/div>\n\t\t\t\t<\/div>\n\t\t\t\t\t<\/div>\n\t\t\t\t<\/div>\n\t\t<div class=\"elementor-element elementor-element-6ba7433e e-con-full e-flex e-con e-parent\" data-id=\"6ba7433e\" data-element_type=\"container\" data-e-type=\"container\" data-settings=\"{&quot;background_background&quot;:&quot;classic&quot;,&quot;jet_parallax_layout_list&quot;:[]}\">\n\t\t<div class=\"elementor-element elementor-element-5455b45f e-flex e-con-boxed e-con e-child\" data-id=\"5455b45f\" data-element_type=\"container\" data-e-type=\"container\" data-settings=\"{&quot;jet_parallax_layout_list&quot;:[]}\">\n\t\t\t\t\t<div class=\"e-con-inner\">\n\t\t<div class=\"elementor-element elementor-element-2c2240c4 e-con-full e-flex e-con e-child\" data-id=\"2c2240c4\" data-element_type=\"container\" data-e-type=\"container\" data-settings=\"{&quot;jet_parallax_layout_list&quot;:[]}\">\n\t\t<div class=\"elementor-element elementor-element-42180378 e-con-full e-flex e-con e-child\" data-id=\"42180378\" data-element_type=\"container\" data-e-type=\"container\" data-settings=\"{&quot;background_background&quot;:&quot;classic&quot;,&quot;jet_parallax_layout_list&quot;:[]}\">\n\t\t\t\t<div class=\"elementor-element elementor-element-fdb36aa elementor-widget elementor-widget-heading\" data-id=\"fdb36aa\" data-element_type=\"widget\" data-e-type=\"widget\" data-widget_type=\"heading.default\">\n\t\t\t\t<div class=\"elementor-widget-container\">\n\t\t\t\t\t<h2 class=\"elementor-heading-title elementor-size-default\">Votre vie. Votre responsabilit\u00e9.   <br>Votre engagement.\n\n\n<\/h2>\t\t\t\t<\/div>\n\t\t\t\t<\/div>\n\t\t\t\t<div class=\"elementor-element elementor-element-ff21318 elementor-widget elementor-widget-text-editor\" data-id=\"ff21318\" data-element_type=\"widget\" data-e-type=\"widget\" data-widget_type=\"text-editor.default\">\n\t\t\t\t<div class=\"elementor-widget-container\">\n\t\t\t\t\t\t\t\t\t<p>Nous organisons plus de 1000 missions de courte et de longue dur\u00e9e dans le monde entier.<\/p>\t\t\t\t\t\t\t\t<\/div>\n\t\t\t\t<\/div>\n\t\t\t\t<\/div>\n\t\t\t\t<\/div>\n\t\t\t\t\t<\/div>\n\t\t\t\t<\/div>\n\t\t\t\t<\/div>\n\t\t\t\t<\/div>\n\t\t","protected":false},"excerpt":{"rendered":"<p>Rechercher \u00c9ducation Vous souhaitez vous pr\u00e9parer \u00e0 une mission ? Vous trouverez ici les cours et offres actuels Formation IGW IGW vous propose diff\u00e9rents certificats courts et sp\u00e9cifiques. Vous pouvez ainsi composer votre programme de formation individuel et choisir de suivre des modules en pr\u00e9sentiel ou d&rsquo;\u00e9tudier \u00e0 distance, confortablement install\u00e9 chez vous. Faites votre [&hellip;]<\/p>\n","protected":false},"author":1,"featured_media":4096,"parent":0,"menu_order":0,"comment_status":"closed","ping_status":"closed","template":"elementor_header_footer","meta":{"_acf_changed":false,"footnotes":""},"class_list":["post-4365","page","type-page","status-publish","has-post-thumbnail","hentry"],"acf":[],"publishpress_future_action":{"enabled":false,"date":"2026-05-07 02:34:09","action":"change-status","newStatus":"draft","terms":[],"taxonomy":"translation_priority","extraData":[]},"publishpress_future_workflow_manual_trigger":{"enabledWorkflows":[]},"_links":{"self":[{"href":"https:\/\/mission.weiterdev.ch\/fr\/wp-json\/wp\/v2\/pages\/4365","targetHints":{"allow":["GET"]}}],"collection":[{"href":"https:\/\/mission.weiterdev.ch\/fr\/wp-json\/wp\/v2\/pages"}],"about":[{"href":"https:\/\/mission.weiterdev.ch\/fr\/wp-json\/wp\/v2\/types\/page"}],"author":[{"embeddable":true,"href":"https:\/\/mission.weiterdev.ch\/fr\/wp-json\/wp\/v2\/users\/1"}],"replies":[{"embeddable":true,"href":"https:\/\/mission.weiterdev.ch\/fr\/wp-json\/wp\/v2\/comments?post=4365"}],"version-history":[{"count":9,"href":"https:\/\/mission.weiterdev.ch\/fr\/wp-json\/wp\/v2\/pages\/4365\/revisions"}],"predecessor-version":[{"id":7231,"href":"https:\/\/mission.weiterdev.ch\/fr\/wp-json\/wp\/v2\/pages\/4365\/revisions\/7231"}],"wp:featuredmedia":[{"embeddable":true,"href":"https:\/\/mission.weiterdev.ch\/fr\/wp-json\/wp\/v2\/media\/4096"}],"wp:attachment":[{"href":"https:\/\/mission.weiterdev.ch\/fr\/wp-json\/wp\/v2\/media?parent=4365"}],"curies":[{"name":"wp","href":"https:\/\/api.w.org\/{rel}","templated":true}]}}